{"version":"1.0","provider_name":"12 pulgadas","provider_url":"https:\/\/blogs.diariovasco.com\/12-pulgadas","author_name":"Ivan Castillo Otero","author_url":"https:\/\/blogs.diariovasco.com\/12-pulgadas\/author\/ivancastillo\/","title":"Lo que m\u00e1s de Rub\u00e9n Pozo - 12 pulgadas","type":"rich","width":600,"height":338,"html":"<blockquote class=\"wp-embedded-content\" data-secret=\"NB19l9AIuQ\"><a href=\"https:\/\/blogs.diariovasco.com\/12-pulgadas\/2012\/04\/16\/lo-que-mas-de-ruben-pozo\/\">Lo que m\u00e1s de Rub\u00e9n Pozo<\/a><\/blockquote><iframe sandbox=\"allow-scripts\" security=\"restricted\" src=\"https:\/\/blogs.diariovasco.com\/12-pulgadas\/2012\/04\/16\/lo-que-mas-de-ruben-pozo\/embed\/#?secret=NB19l9AIuQ\" width=\"600\" height=\"338\" title=\"&#8220;Lo que m\u00e1s de Rub\u00e9n Pozo&#8221; &#8212; 12 pulgadas\" data-secret=\"NB19l9AIuQ\" frameborder=\"0\" marginwidth=\"0\" marginheight=\"0\" scrolling=\"no\" class=\"wp-embedded-content\"><\/iframe><script>\n\/*! This file is auto-generated *\/\n!function(d,l){\"use strict\";l.querySelector&&d.addEventListener&&\"undefined\"!=typeof URL&&(d.wp=d.wp||{},d.wp.receiveEmbedMessage||(d.wp.receiveEmbedMessage=function(e){var t=e.data;if((t||t.secret||t.message||t.value)&&!\/[^a-zA-Z0-9]\/.test(t.secret)){for(var s,r,n,a=l.querySelectorAll('iframe[data-secret=\"'+t.secret+'\"]'),o=l.querySelectorAll('blockquote[data-secret=\"'+t.secret+'\"]'),c=new RegExp(\"^https?:$\",\"i\"),i=0;i<o.length;i++)o[i].style.display=\"none\";for(i=0;i<a.length;i++)s=a[i],e.source===s.contentWindow&&(s.removeAttribute(\"style\"),\"height\"===t.message?(1e3<(r=parseInt(t.value,10))?r=1e3:~~r<200&&(r=200),s.height=r):\"link\"===t.message&&(r=new URL(s.getAttribute(\"src\")),n=new URL(t.value),c.test(n.protocol))&&n.host===r.host&&l.activeElement===s&&(d.top.location.href=t.value))}},d.addEventListener(\"message\",d.wp.receiveEmbedMessage,!1),l.addEventListener(\"DOMContentLoaded\",function(){for(var e,t,s=l.querySelectorAll(\"iframe.wp-embedded-content\"),r=0;r<s.length;r++)(t=(e=s[r]).getAttribute(\"data-secret\"))||(t=Math.random().toString(36).substring(2,12),e.src+=\"#?secret=\"+t,e.setAttribute(\"data-secret\",t)),e.contentWindow.postMessage({message:\"ready\",secret:t},\"*\")},!1)))}(window,document);\n\/\/# sourceURL=https:\/\/blogs.diariovasco.com\/12-pulgadas\/wp-includes\/js\/wp-embed.min.js\n<\/script>\n","description":"Nunca me ha temblado el pulso a la hora de colocar a Rub\u00e9n Pozo Prats (Barcelona, 1975) entre los compositores, cantantes y guitarristas m\u00e1s notables del panorama nacional. Conocido principalmente por Pereza, grupo que comparte con Leiva, este madrile\u00f1o de adopci\u00f3n dio sus primeros pasos firmes en la m\u00fasica con Buenas Noches Rose, una gran [&hellip;]"}