{"version":"1.0","provider_name":"12 pulgadas","provider_url":"https:\/\/blogs.diariovasco.com\/12-pulgadas","author_name":"Ivan Castillo Otero","author_url":"https:\/\/blogs.diariovasco.com\/12-pulgadas\/author\/ivancastillo\/","title":"Nosotros tambi\u00e9n nos acordamos - 12 pulgadas","type":"rich","width":600,"height":338,"html":"<blockquote class=\"wp-embedded-content\" data-secret=\"kp9JKPrTOt\"><a href=\"https:\/\/blogs.diariovasco.com\/12-pulgadas\/2014\/11\/07\/nosotros-tambien-nos-acordamos\/\">Nosotros tambi\u00e9n nos acordamos<\/a><\/blockquote><iframe sandbox=\"allow-scripts\" security=\"restricted\" src=\"https:\/\/blogs.diariovasco.com\/12-pulgadas\/2014\/11\/07\/nosotros-tambien-nos-acordamos\/embed\/#?secret=kp9JKPrTOt\" width=\"600\" height=\"338\" title=\"&#8220;Nosotros tambi\u00e9n nos acordamos&#8221; &#8212; 12 pulgadas\" data-secret=\"kp9JKPrTOt\" frameborder=\"0\" marginwidth=\"0\" marginheight=\"0\" scrolling=\"no\" class=\"wp-embedded-content\"><\/iframe><script>\n\/*! This file is auto-generated *\/\n!function(d,l){\"use strict\";l.querySelector&&d.addEventListener&&\"undefined\"!=typeof URL&&(d.wp=d.wp||{},d.wp.receiveEmbedMessage||(d.wp.receiveEmbedMessage=function(e){var t=e.data;if((t||t.secret||t.message||t.value)&&!\/[^a-zA-Z0-9]\/.test(t.secret)){for(var s,r,n,a=l.querySelectorAll('iframe[data-secret=\"'+t.secret+'\"]'),o=l.querySelectorAll('blockquote[data-secret=\"'+t.secret+'\"]'),c=new RegExp(\"^https?:$\",\"i\"),i=0;i<o.length;i++)o[i].style.display=\"none\";for(i=0;i<a.length;i++)s=a[i],e.source===s.contentWindow&&(s.removeAttribute(\"style\"),\"height\"===t.message?(1e3<(r=parseInt(t.value,10))?r=1e3:~~r<200&&(r=200),s.height=r):\"link\"===t.message&&(r=new URL(s.getAttribute(\"src\")),n=new URL(t.value),c.test(n.protocol))&&n.host===r.host&&l.activeElement===s&&(d.top.location.href=t.value))}},d.addEventListener(\"message\",d.wp.receiveEmbedMessage,!1),l.addEventListener(\"DOMContentLoaded\",function(){for(var e,t,s=l.querySelectorAll(\"iframe.wp-embedded-content\"),r=0;r<s.length;r++)(t=(e=s[r]).getAttribute(\"data-secret\"))||(t=Math.random().toString(36).substring(2,12),e.src+=\"#?secret=\"+t,e.setAttribute(\"data-secret\",t)),e.contentWindow.postMessage({message:\"ready\",secret:t},\"*\")},!1)))}(window,document);\n\/\/# sourceURL=https:\/\/blogs.diariovasco.com\/12-pulgadas\/wp-includes\/js\/wp-embed.min.js\n<\/script>\n","description":"La canci\u00f3n &#8220;Salir&#8221; de los extreme\u00f1os -afincados en Bilbao- Extremoduro termina diciendo &#8220;ya no me acuerdo de nada&#8221;. Al final del v\u00eddeo que se enlaza en este post, Robe, cantante, dice que \u00e9l s\u00ed que se acuerda. Nosotros tambi\u00e9n nos acordamos pues estuvimos all\u00ed, nos ha jodido. Al hilo del final de gira de la [&hellip;]"}