{"version":"1.0","provider_name":"Al aire libre","provider_url":"https:\/\/blogs.diariovasco.com\/airelibre","author_name":"Juan Carlos Hern\u00e1ndez","author_url":"https:\/\/blogs.diariovasco.com\/airelibre\/author\/alairelibre\/","title":"HE DICHO B\u00daHO - Al aire libre","type":"rich","width":600,"height":338,"html":"<blockquote class=\"wp-embedded-content\" data-secret=\"VZHFHDMT4w\"><a href=\"https:\/\/blogs.diariovasco.com\/airelibre\/2010\/06\/24\/he_dicho_buho\/\">HE DICHO B\u00daHO<\/a><\/blockquote><iframe sandbox=\"allow-scripts\" security=\"restricted\" src=\"https:\/\/blogs.diariovasco.com\/airelibre\/2010\/06\/24\/he_dicho_buho\/embed\/#?secret=VZHFHDMT4w\" width=\"600\" height=\"338\" title=\"&#8220;HE DICHO B\u00daHO&#8221; &#8212; Al aire libre\" data-secret=\"VZHFHDMT4w\" frameborder=\"0\" marginwidth=\"0\" marginheight=\"0\" scrolling=\"no\" class=\"wp-embedded-content\"><\/iframe><script>\n\/*! This file is auto-generated *\/\n!function(d,l){\"use strict\";l.querySelector&&d.addEventListener&&\"undefined\"!=typeof URL&&(d.wp=d.wp||{},d.wp.receiveEmbedMessage||(d.wp.receiveEmbedMessage=function(e){var t=e.data;if((t||t.secret||t.message||t.value)&&!\/[^a-zA-Z0-9]\/.test(t.secret)){for(var s,r,n,a=l.querySelectorAll('iframe[data-secret=\"'+t.secret+'\"]'),o=l.querySelectorAll('blockquote[data-secret=\"'+t.secret+'\"]'),c=new RegExp(\"^https?:$\",\"i\"),i=0;i<o.length;i++)o[i].style.display=\"none\";for(i=0;i<a.length;i++)s=a[i],e.source===s.contentWindow&&(s.removeAttribute(\"style\"),\"height\"===t.message?(1e3<(r=parseInt(t.value,10))?r=1e3:~~r<200&&(r=200),s.height=r):\"link\"===t.message&&(r=new URL(s.getAttribute(\"src\")),n=new URL(t.value),c.test(n.protocol))&&n.host===r.host&&l.activeElement===s&&(d.top.location.href=t.value))}},d.addEventListener(\"message\",d.wp.receiveEmbedMessage,!1),l.addEventListener(\"DOMContentLoaded\",function(){for(var e,t,s=l.querySelectorAll(\"iframe.wp-embedded-content\"),r=0;r<s.length;r++)(t=(e=s[r]).getAttribute(\"data-secret\"))||(t=Math.random().toString(36).substring(2,12),e.src+=\"#?secret=\"+t,e.setAttribute(\"data-secret\",t)),e.contentWindow.postMessage({message:\"ready\",secret:t},\"*\")},!1)))}(window,document);\n\/\/# sourceURL=https:\/\/blogs.diariovasco.com\/airelibre\/wp-includes\/js\/wp-embed.min.js\n<\/script>\n","description":". Ma\u00f1ana de San Juan. Un padre est\u00e1 sentado con su hijo en un banquito del parque, comiendo pipas, cuando pasa ante ellos una se\u00f1ora estupenda. \u201cVaya culo\u201d, murmura el hombre. El chaval mueve la ceja y le pregunta: \u201c\u00bfqu\u00e9 has dicho, aitatxo?\u201d &nbsp; &nbsp; &#8211;&nbsp;&nbsp;Nada hijo, nada&#8230; he dicho b\u00faho. &nbsp; &nbsp;&nbsp;&#8211;&nbsp;\u00bfY qu\u00e9 es [&hellip;]"}