{"version":"1.0","provider_name":"A partir de los 50","provider_url":"https:\/\/blogs.diariovasco.com\/apartirdelos50","author_name":"Cecilia Casado","author_url":"https:\/\/blogs.diariovasco.com\/apartirdelos50\/author\/a-partir-de-los-50\/","title":"La gloria: un cuarto de hora en televisi\u00f3n. - A partir de los 50","type":"rich","width":600,"height":338,"html":"<blockquote class=\"wp-embedded-content\" data-secret=\"UdMQRkalEg\"><a href=\"https:\/\/blogs.diariovasco.com\/apartirdelos50\/2010\/10\/19\/la_gloria_un_cuarto_de_hora_en_televisio\/\">La gloria: un cuarto de hora en televisi\u00f3n.<\/a><\/blockquote><iframe sandbox=\"allow-scripts\" security=\"restricted\" src=\"https:\/\/blogs.diariovasco.com\/apartirdelos50\/2010\/10\/19\/la_gloria_un_cuarto_de_hora_en_televisio\/embed\/#?secret=UdMQRkalEg\" width=\"600\" height=\"338\" title=\"&#8220;La gloria: un cuarto de hora en televisi\u00f3n.&#8221; &#8212; A partir de los 50\" data-secret=\"UdMQRkalEg\" frameborder=\"0\" marginwidth=\"0\" marginheight=\"0\" scrolling=\"no\" class=\"wp-embedded-content\"><\/iframe><script>\n\/*! This file is auto-generated *\/\n!function(d,l){\"use strict\";l.querySelector&&d.addEventListener&&\"undefined\"!=typeof URL&&(d.wp=d.wp||{},d.wp.receiveEmbedMessage||(d.wp.receiveEmbedMessage=function(e){var t=e.data;if((t||t.secret||t.message||t.value)&&!\/[^a-zA-Z0-9]\/.test(t.secret)){for(var s,r,n,a=l.querySelectorAll('iframe[data-secret=\"'+t.secret+'\"]'),o=l.querySelectorAll('blockquote[data-secret=\"'+t.secret+'\"]'),c=new RegExp(\"^https?:$\",\"i\"),i=0;i<o.length;i++)o[i].style.display=\"none\";for(i=0;i<a.length;i++)s=a[i],e.source===s.contentWindow&&(s.removeAttribute(\"style\"),\"height\"===t.message?(1e3<(r=parseInt(t.value,10))?r=1e3:~~r<200&&(r=200),s.height=r):\"link\"===t.message&&(r=new URL(s.getAttribute(\"src\")),n=new URL(t.value),c.test(n.protocol))&&n.host===r.host&&l.activeElement===s&&(d.top.location.href=t.value))}},d.addEventListener(\"message\",d.wp.receiveEmbedMessage,!1),l.addEventListener(\"DOMContentLoaded\",function(){for(var e,t,s=l.querySelectorAll(\"iframe.wp-embedded-content\"),r=0;r<s.length;r++)(t=(e=s[r]).getAttribute(\"data-secret\"))||(t=Math.random().toString(36).substring(2,12),e.src+=\"#?secret=\"+t,e.setAttribute(\"data-secret\",t)),e.contentWindow.postMessage({message:\"ready\",secret:t},\"*\")},!1)))}(window,document);\n\/\/# sourceURL=https:\/\/blogs.diariovasco.com\/apartirdelos50\/wp-includes\/js\/wp-embed.min.js\n<\/script>\n","description":"Andy Wharhol sab\u00eda lo que dec\u00eda cuando acu\u00f1\u00f3 la frase acerca de los \u201c15 minutos de fama que cualquier persona puede conseguir\u201d, refiri\u00e9ndose a la televisi\u00f3n y su influencia en los a\u00f1os 50. Casi sesenta a\u00f1os despu\u00e9s es un hecho sociol\u00f3gico constatado que fabricamos a nuestros h\u00e9roes a partir de los programas televisivos: concursos, tertulias, [&hellip;]","thumbnail_url":"http:\/\/s3.postimage.org\/Zc0WJ.jpg"}