{"version":"1.0","provider_name":"A partir de los 50","provider_url":"https:\/\/blogs.diariovasco.com\/apartirdelos50","author_name":"Cecilia Casado","author_url":"https:\/\/blogs.diariovasco.com\/apartirdelos50\/author\/a-partir-de-los-50\/","title":"\"La \u00faltima noche que pas\u00e9 contigo\". (Canci\u00f3n) - A partir de los 50","type":"rich","width":600,"height":338,"html":"<blockquote class=\"wp-embedded-content\" data-secret=\"Dj9mTXLxcX\"><a href=\"https:\/\/blogs.diariovasco.com\/apartirdelos50\/2012\/01\/12\/la-ultima-noche-que-pase-contigo-cancion\/\">&#8220;La \u00faltima noche que pas\u00e9 contigo&#8221;. (Canci\u00f3n)<\/a><\/blockquote><iframe sandbox=\"allow-scripts\" security=\"restricted\" src=\"https:\/\/blogs.diariovasco.com\/apartirdelos50\/2012\/01\/12\/la-ultima-noche-que-pase-contigo-cancion\/embed\/#?secret=Dj9mTXLxcX\" width=\"600\" height=\"338\" title=\"&#8220;&#8220;La \u00faltima noche que pas\u00e9 contigo&#8221;. (Canci\u00f3n)&#8221; &#8212; A partir de los 50\" data-secret=\"Dj9mTXLxcX\" frameborder=\"0\" marginwidth=\"0\" marginheight=\"0\" scrolling=\"no\" class=\"wp-embedded-content\"><\/iframe><script>\n\/*! This file is auto-generated *\/\n!function(d,l){\"use strict\";l.querySelector&&d.addEventListener&&\"undefined\"!=typeof URL&&(d.wp=d.wp||{},d.wp.receiveEmbedMessage||(d.wp.receiveEmbedMessage=function(e){var t=e.data;if((t||t.secret||t.message||t.value)&&!\/[^a-zA-Z0-9]\/.test(t.secret)){for(var s,r,n,a=l.querySelectorAll('iframe[data-secret=\"'+t.secret+'\"]'),o=l.querySelectorAll('blockquote[data-secret=\"'+t.secret+'\"]'),c=new RegExp(\"^https?:$\",\"i\"),i=0;i<o.length;i++)o[i].style.display=\"none\";for(i=0;i<a.length;i++)s=a[i],e.source===s.contentWindow&&(s.removeAttribute(\"style\"),\"height\"===t.message?(1e3<(r=parseInt(t.value,10))?r=1e3:~~r<200&&(r=200),s.height=r):\"link\"===t.message&&(r=new URL(s.getAttribute(\"src\")),n=new URL(t.value),c.test(n.protocol))&&n.host===r.host&&l.activeElement===s&&(d.top.location.href=t.value))}},d.addEventListener(\"message\",d.wp.receiveEmbedMessage,!1),l.addEventListener(\"DOMContentLoaded\",function(){for(var e,t,s=l.querySelectorAll(\"iframe.wp-embedded-content\"),r=0;r<s.length;r++)(t=(e=s[r]).getAttribute(\"data-secret\"))||(t=Math.random().toString(36).substring(2,12),e.src+=\"#?secret=\"+t,e.setAttribute(\"data-secret\",t)),e.contentWindow.postMessage({message:\"ready\",secret:t},\"*\")},!1)))}(window,document);\n\/\/# sourceURL=https:\/\/blogs.diariovasco.com\/apartirdelos50\/wp-includes\/js\/wp-embed.min.js\n<\/script>\n","description":"Cuando alguien conocido fallece s\u00fabitamente, al comunic\u00e1rsenos la noticia, es casi imposible dejar de decir algo as\u00ed como: \u201c!pero si ayer mismo estuve con \u00e9l (o con ella)!\u201d como si fu\u00e9ramos nosotros el fiel de la balanza de la existencia ajena. Ya s\u00e9 que es un lugar com\u00fan, una frase hecha, un desahogo ante la [&hellip;]","thumbnail_url":"http:\/\/api.ning.com\/files\/Y6t2BXfcVjXb6FcLFIyNGH7-oH3Af4sW5UQElVYNmrhcM4GIQ2WrGHLFXQAaCbXkV9ng6WFBa*XxCApub8szraLnhyJc5qxi\/lunallena.jpg"}