{"version":"1.0","provider_name":"A partir de los 50","provider_url":"https:\/\/blogs.diariovasco.com\/apartirdelos50","author_name":"Cecilia Casado","author_url":"https:\/\/blogs.diariovasco.com\/apartirdelos50\/author\/a-partir-de-los-50\/","title":"Preparando \"la piel\" para el oto\u00f1o - A partir de los 50","type":"rich","width":600,"height":338,"html":"<blockquote class=\"wp-embedded-content\" data-secret=\"iNyhYSkz5e\"><a href=\"https:\/\/blogs.diariovasco.com\/apartirdelos50\/2012\/10\/10\/preparando-la-piel-para-el-otono\/\">Preparando &#8220;la piel&#8221; para el oto\u00f1o<\/a><\/blockquote><iframe sandbox=\"allow-scripts\" security=\"restricted\" src=\"https:\/\/blogs.diariovasco.com\/apartirdelos50\/2012\/10\/10\/preparando-la-piel-para-el-otono\/embed\/#?secret=iNyhYSkz5e\" width=\"600\" height=\"338\" title=\"&#8220;Preparando &#8220;la piel&#8221; para el oto\u00f1o&#8221; &#8212; A partir de los 50\" data-secret=\"iNyhYSkz5e\" frameborder=\"0\" marginwidth=\"0\" marginheight=\"0\" scrolling=\"no\" class=\"wp-embedded-content\"><\/iframe><script>\n\/*! This file is auto-generated *\/\n!function(d,l){\"use strict\";l.querySelector&&d.addEventListener&&\"undefined\"!=typeof URL&&(d.wp=d.wp||{},d.wp.receiveEmbedMessage||(d.wp.receiveEmbedMessage=function(e){var t=e.data;if((t||t.secret||t.message||t.value)&&!\/[^a-zA-Z0-9]\/.test(t.secret)){for(var s,r,n,a=l.querySelectorAll('iframe[data-secret=\"'+t.secret+'\"]'),o=l.querySelectorAll('blockquote[data-secret=\"'+t.secret+'\"]'),c=new RegExp(\"^https?:$\",\"i\"),i=0;i<o.length;i++)o[i].style.display=\"none\";for(i=0;i<a.length;i++)s=a[i],e.source===s.contentWindow&&(s.removeAttribute(\"style\"),\"height\"===t.message?(1e3<(r=parseInt(t.value,10))?r=1e3:~~r<200&&(r=200),s.height=r):\"link\"===t.message&&(r=new URL(s.getAttribute(\"src\")),n=new URL(t.value),c.test(n.protocol))&&n.host===r.host&&l.activeElement===s&&(d.top.location.href=t.value))}},d.addEventListener(\"message\",d.wp.receiveEmbedMessage,!1),l.addEventListener(\"DOMContentLoaded\",function(){for(var e,t,s=l.querySelectorAll(\"iframe.wp-embedded-content\"),r=0;r<s.length;r++)(t=(e=s[r]).getAttribute(\"data-secret\"))||(t=Math.random().toString(36).substring(2,12),e.src+=\"#?secret=\"+t,e.setAttribute(\"data-secret\",t)),e.contentWindow.postMessage({message:\"ready\",secret:t},\"*\")},!1)))}(window,document);\n\/\/# sourceURL=https:\/\/blogs.diariovasco.com\/apartirdelos50\/wp-includes\/js\/wp-embed.min.js\n<\/script>\n","description":"\u00a0 Es obvio que no son consejos de belleza los que se van a leer aqu\u00ed. De hecho, ni siquiera son consejos ni recomendaciones, tan s\u00f3lo una impresi\u00f3n personal que puede que no valga nada m\u00e1s all\u00e1 de la frontera de las paredes de mi coraz\u00f3n. \u00a0Yo cambio la piel en oto\u00f1o. La cambio por [&hellip;]","thumbnail_url":"http:\/\/1.bp.blogspot.com\/-yd7vDOQBbg4\/TV740z71bCI\/AAAAAAAAAgk\/cCV7jfiqdy0\/s1600\/Otambien+cambian+la+piel%2521%2521tumblr_lgsgojHxvT1qawuaao1_1280.jpg"}