{"version":"1.0","provider_name":"A partir de los 50","provider_url":"https:\/\/blogs.diariovasco.com\/apartirdelos50","author_name":"Cecilia Casado","author_url":"https:\/\/blogs.diariovasco.com\/apartirdelos50\/author\/a-partir-de-los-50\/","title":"Este a\u00f1o tampoco me como un rosco - A partir de los 50","type":"rich","width":600,"height":338,"html":"<blockquote class=\"wp-embedded-content\" data-secret=\"pGVHCVSZ95\"><a href=\"https:\/\/blogs.diariovasco.com\/apartirdelos50\/2013\/01\/05\/este-ano-tampoco-me-como-un-rosco\/\">Este a\u00f1o tampoco me como un rosco<\/a><\/blockquote><iframe sandbox=\"allow-scripts\" security=\"restricted\" src=\"https:\/\/blogs.diariovasco.com\/apartirdelos50\/2013\/01\/05\/este-ano-tampoco-me-como-un-rosco\/embed\/#?secret=pGVHCVSZ95\" width=\"600\" height=\"338\" title=\"&#8220;Este a\u00f1o tampoco me como un rosco&#8221; &#8212; A partir de los 50\" data-secret=\"pGVHCVSZ95\" frameborder=\"0\" marginwidth=\"0\" marginheight=\"0\" scrolling=\"no\" class=\"wp-embedded-content\"><\/iframe><script>\n\/*! This file is auto-generated *\/\n!function(d,l){\"use strict\";l.querySelector&&d.addEventListener&&\"undefined\"!=typeof URL&&(d.wp=d.wp||{},d.wp.receiveEmbedMessage||(d.wp.receiveEmbedMessage=function(e){var t=e.data;if((t||t.secret||t.message||t.value)&&!\/[^a-zA-Z0-9]\/.test(t.secret)){for(var s,r,n,a=l.querySelectorAll('iframe[data-secret=\"'+t.secret+'\"]'),o=l.querySelectorAll('blockquote[data-secret=\"'+t.secret+'\"]'),c=new RegExp(\"^https?:$\",\"i\"),i=0;i<o.length;i++)o[i].style.display=\"none\";for(i=0;i<a.length;i++)s=a[i],e.source===s.contentWindow&&(s.removeAttribute(\"style\"),\"height\"===t.message?(1e3<(r=parseInt(t.value,10))?r=1e3:~~r<200&&(r=200),s.height=r):\"link\"===t.message&&(r=new URL(s.getAttribute(\"src\")),n=new URL(t.value),c.test(n.protocol))&&n.host===r.host&&l.activeElement===s&&(d.top.location.href=t.value))}},d.addEventListener(\"message\",d.wp.receiveEmbedMessage,!1),l.addEventListener(\"DOMContentLoaded\",function(){for(var e,t,s=l.querySelectorAll(\"iframe.wp-embedded-content\"),r=0;r<s.length;r++)(t=(e=s[r]).getAttribute(\"data-secret\"))||(t=Math.random().toString(36).substring(2,12),e.src+=\"#?secret=\"+t,e.setAttribute(\"data-secret\",t)),e.contentWindow.postMessage({message:\"ready\",secret:t},\"*\")},!1)))}(window,document);\n\/\/# sourceURL=https:\/\/blogs.diariovasco.com\/apartirdelos50\/wp-includes\/js\/wp-embed.min.js\n<\/script>\n","description":"De las Navidades de mi infancia recuerdo como fecha estelar y \u00a0emoci\u00f3n hist\u00e9rica el d\u00eda de Reyes. No solamente porque el despertar era como una pel\u00edcula de Hitchcock \u2013temblando de miedo por no recibir el regalo solicitado en la famosa carta petitoria- sino porque hab\u00eda que pasar por una serie de rituales a cada cual [&hellip;]"}