{"version":"1.0","provider_name":"A partir de los 50","provider_url":"https:\/\/blogs.diariovasco.com\/apartirdelos50","author_name":"Cecilia Casado","author_url":"https:\/\/blogs.diariovasco.com\/apartirdelos50\/author\/a-partir-de-los-50\/","title":"\u00bfTienes miedo a la jubilaci\u00f3n? -Un nuevo proyecto en marcha- A partir de los 50","type":"rich","width":600,"height":338,"html":"<blockquote class=\"wp-embedded-content\" data-secret=\"A5AkNPyenl\"><a href=\"https:\/\/blogs.diariovasco.com\/apartirdelos50\/2017\/01\/27\/tienes-miedo-a-la-jubilacion\/\">\u00bfTienes miedo a la jubilaci\u00f3n? -Un nuevo proyecto en marcha-<\/a><\/blockquote><iframe sandbox=\"allow-scripts\" security=\"restricted\" src=\"https:\/\/blogs.diariovasco.com\/apartirdelos50\/2017\/01\/27\/tienes-miedo-a-la-jubilacion\/embed\/#?secret=A5AkNPyenl\" width=\"600\" height=\"338\" title=\"&#8220;\u00bfTienes miedo a la jubilaci\u00f3n? -Un nuevo proyecto en marcha-&#8221; &#8212; A partir de los 50\" data-secret=\"A5AkNPyenl\" frameborder=\"0\" marginwidth=\"0\" marginheight=\"0\" scrolling=\"no\" class=\"wp-embedded-content\"><\/iframe><script>\n\/*! This file is auto-generated *\/\n!function(d,l){\"use strict\";l.querySelector&&d.addEventListener&&\"undefined\"!=typeof URL&&(d.wp=d.wp||{},d.wp.receiveEmbedMessage||(d.wp.receiveEmbedMessage=function(e){var t=e.data;if((t||t.secret||t.message||t.value)&&!\/[^a-zA-Z0-9]\/.test(t.secret)){for(var s,r,n,a=l.querySelectorAll('iframe[data-secret=\"'+t.secret+'\"]'),o=l.querySelectorAll('blockquote[data-secret=\"'+t.secret+'\"]'),c=new RegExp(\"^https?:$\",\"i\"),i=0;i<o.length;i++)o[i].style.display=\"none\";for(i=0;i<a.length;i++)s=a[i],e.source===s.contentWindow&&(s.removeAttribute(\"style\"),\"height\"===t.message?(1e3<(r=parseInt(t.value,10))?r=1e3:~~r<200&&(r=200),s.height=r):\"link\"===t.message&&(r=new URL(s.getAttribute(\"src\")),n=new URL(t.value),c.test(n.protocol))&&n.host===r.host&&l.activeElement===s&&(d.top.location.href=t.value))}},d.addEventListener(\"message\",d.wp.receiveEmbedMessage,!1),l.addEventListener(\"DOMContentLoaded\",function(){for(var e,t,s=l.querySelectorAll(\"iframe.wp-embedded-content\"),r=0;r<s.length;r++)(t=(e=s[r]).getAttribute(\"data-secret\"))||(t=Math.random().toString(36).substring(2,12),e.src+=\"#?secret=\"+t,e.setAttribute(\"data-secret\",t)),e.contentWindow.postMessage({message:\"ready\",secret:t},\"*\")},!1)))}(window,document);\n\/\/# sourceURL=https:\/\/blogs.diariovasco.com\/apartirdelos50\/wp-includes\/js\/wp-embed.min.js\n<\/script>\n","description":"\u00a0 Conviene aclarar que \u201cjubilaci\u00f3n\u201d viene de jubileo, no de j\u00fabilo.\u00a0 De jubilar3, infl. por jubileo, festividad celebrada cada 50 a\u00f1os, porque la jubilaci\u00f3n se daba tras 50 a\u00f1os de servicio. (RAE) Quiz\u00e1s sea por eso que, llegado el momento, el com\u00fan de los mortales afronta la jubilaci\u00f3n con el canguelo propio de las situaciones [&hellip;]","thumbnail_url":"http:\/\/siag.org.mx\/siag\/wp-content\/uploads\/2015\/07\/elretiro.jpg"}