{"version":"1.0","provider_name":"Correr x correr","provider_url":"https:\/\/blogs.diariovasco.com\/correrxcorrer","author_name":"Antxon Blanco","author_url":"https:\/\/blogs.diariovasco.com\/correrxcorrer\/author\/ablanco_1462233600\/","title":"Odriozola \u00bfest\u00e1 quemado? - Correr x correr","type":"rich","width":600,"height":338,"html":"<blockquote class=\"wp-embedded-content\" data-secret=\"YanGGvAoCx\"><a href=\"https:\/\/blogs.diariovasco.com\/correrxcorrer\/2012\/08\/20\/odriozola\/\">Odriozola \u00bfest\u00e1 quemado?<\/a><\/blockquote><iframe sandbox=\"allow-scripts\" security=\"restricted\" src=\"https:\/\/blogs.diariovasco.com\/correrxcorrer\/2012\/08\/20\/odriozola\/embed\/#?secret=YanGGvAoCx\" width=\"600\" height=\"338\" title=\"&#8220;Odriozola \u00bfest\u00e1 quemado?&#8221; &#8212; Correr x correr\" data-secret=\"YanGGvAoCx\" frameborder=\"0\" marginwidth=\"0\" marginheight=\"0\" scrolling=\"no\" class=\"wp-embedded-content\"><\/iframe><script>\n\/*! This file is auto-generated *\/\n!function(d,l){\"use strict\";l.querySelector&&d.addEventListener&&\"undefined\"!=typeof URL&&(d.wp=d.wp||{},d.wp.receiveEmbedMessage||(d.wp.receiveEmbedMessage=function(e){var t=e.data;if((t||t.secret||t.message||t.value)&&!\/[^a-zA-Z0-9]\/.test(t.secret)){for(var s,r,n,a=l.querySelectorAll('iframe[data-secret=\"'+t.secret+'\"]'),o=l.querySelectorAll('blockquote[data-secret=\"'+t.secret+'\"]'),c=new RegExp(\"^https?:$\",\"i\"),i=0;i<o.length;i++)o[i].style.display=\"none\";for(i=0;i<a.length;i++)s=a[i],e.source===s.contentWindow&&(s.removeAttribute(\"style\"),\"height\"===t.message?(1e3<(r=parseInt(t.value,10))?r=1e3:~~r<200&&(r=200),s.height=r):\"link\"===t.message&&(r=new URL(s.getAttribute(\"src\")),n=new URL(t.value),c.test(n.protocol))&&n.host===r.host&&l.activeElement===s&&(d.top.location.href=t.value))}},d.addEventListener(\"message\",d.wp.receiveEmbedMessage,!1),l.addEventListener(\"DOMContentLoaded\",function(){for(var e,t,s=l.querySelectorAll(\"iframe.wp-embedded-content\"),r=0;r<s.length;r++)(t=(e=s[r]).getAttribute(\"data-secret\"))||(t=Math.random().toString(36).substring(2,12),e.src+=\"#?secret=\"+t,e.setAttribute(\"data-secret\",t)),e.contentWindow.postMessage({message:\"ready\",secret:t},\"*\")},!1)))}(window,document);\n\/\/# sourceURL=https:\/\/blogs.diariovasco.com\/correrxcorrer\/wp-includes\/js\/wp-embed.min.js\n<\/script>\n","description":"La decepcionante actuaci\u00f3n del atletismo espa\u00f1ol en los Juegos Ol\u00edmpicos, ha colocado mil dianas al presidente de la Federaci\u00f3n Jos\u00e9 Mar\u00eda Odriozola. Muchas son las voces que reclaman que no presente su candidatura. \u00bfEs necesario un cambio en la presidencia? \u00bfEst\u00e1 quemado Odriozola? En los \u00faltimos d\u00edas se han confirmado dos candidaturas que optar\u00e1n \u2013si [&hellip;]"}