{"version":"1.0","provider_name":"El jukebox","provider_url":"https:\/\/blogs.diariovasco.com\/eljukebox","author_name":"Alberto Moyano","author_url":"https:\/\/blogs.diariovasco.com\/eljukebox\/author\/ocioculturadiariovasco-com\/","title":"Incremento del IVA y lecci\u00f3n de vida - El jukebox","type":"rich","width":600,"height":338,"html":"<blockquote class=\"wp-embedded-content\" data-secret=\"K2R0udZVAO\"><a href=\"https:\/\/blogs.diariovasco.com\/eljukebox\/2010\/03\/16\/incremento_del_iva_y_leccion_de_vida\/\">Incremento del IVA y lecci\u00f3n de vida<\/a><\/blockquote><iframe sandbox=\"allow-scripts\" security=\"restricted\" src=\"https:\/\/blogs.diariovasco.com\/eljukebox\/2010\/03\/16\/incremento_del_iva_y_leccion_de_vida\/embed\/#?secret=K2R0udZVAO\" width=\"600\" height=\"338\" title=\"&#8220;Incremento del IVA y lecci\u00f3n de vida&#8221; &#8212; El jukebox\" data-secret=\"K2R0udZVAO\" frameborder=\"0\" marginwidth=\"0\" marginheight=\"0\" scrolling=\"no\" class=\"wp-embedded-content\"><\/iframe><script>\n\/*! This file is auto-generated *\/\n!function(d,l){\"use strict\";l.querySelector&&d.addEventListener&&\"undefined\"!=typeof URL&&(d.wp=d.wp||{},d.wp.receiveEmbedMessage||(d.wp.receiveEmbedMessage=function(e){var t=e.data;if((t||t.secret||t.message||t.value)&&!\/[^a-zA-Z0-9]\/.test(t.secret)){for(var s,r,n,a=l.querySelectorAll('iframe[data-secret=\"'+t.secret+'\"]'),o=l.querySelectorAll('blockquote[data-secret=\"'+t.secret+'\"]'),c=new RegExp(\"^https?:$\",\"i\"),i=0;i<o.length;i++)o[i].style.display=\"none\";for(i=0;i<a.length;i++)s=a[i],e.source===s.contentWindow&&(s.removeAttribute(\"style\"),\"height\"===t.message?(1e3<(r=parseInt(t.value,10))?r=1e3:~~r<200&&(r=200),s.height=r):\"link\"===t.message&&(r=new URL(s.getAttribute(\"src\")),n=new URL(t.value),c.test(n.protocol))&&n.host===r.host&&l.activeElement===s&&(d.top.location.href=t.value))}},d.addEventListener(\"message\",d.wp.receiveEmbedMessage,!1),l.addEventListener(\"DOMContentLoaded\",function(){for(var e,t,s=l.querySelectorAll(\"iframe.wp-embedded-content\"),r=0;r<s.length;r++)(t=(e=s[r]).getAttribute(\"data-secret\"))||(t=Math.random().toString(36).substring(2,12),e.src+=\"#?secret=\"+t,e.setAttribute(\"data-secret\",t)),e.contentWindow.postMessage({message:\"ready\",secret:t},\"*\")},!1)))}(window,document);\n\/\/# sourceURL=https:\/\/blogs.diariovasco.com\/eljukebox\/wp-includes\/js\/wp-embed.min.js\n<\/script>\n","description":"Igual que a nadie se le pasar\u00eda por la cabeza pedir a un cat\u00f3lico que se comporte en su vida laboral de acuerdo con sus creencias, tambi\u00e9n los partidos pol\u00edticos mantienen una escrupulosa separaci\u00f3n de opiniones en sus diferentes \u00e1mbitos de actuaci\u00f3n. As\u00ed, el Gobierno conseguir\u00e1 rechazar hoy en el Congreso una propuesta para frenar [&hellip;]"}