{"version":"1.0","provider_name":"El jukebox","provider_url":"https:\/\/blogs.diariovasco.com\/eljukebox","author_name":"Alberto Moyano","author_url":"https:\/\/blogs.diariovasco.com\/eljukebox\/author\/amoyano_1462406400\/","title":"Tu nombre me sabe a lager - El jukebox","type":"rich","width":600,"height":338,"html":"<blockquote class=\"wp-embedded-content\" data-secret=\"3XT6Xip4qB\"><a href=\"https:\/\/blogs.diariovasco.com\/eljukebox\/2012\/12\/18\/tu-nombre-me-sabe-a-lager\/\">Tu nombre me sabe a lager<\/a><\/blockquote><iframe sandbox=\"allow-scripts\" security=\"restricted\" src=\"https:\/\/blogs.diariovasco.com\/eljukebox\/2012\/12\/18\/tu-nombre-me-sabe-a-lager\/embed\/#?secret=3XT6Xip4qB\" width=\"600\" height=\"338\" title=\"&#8220;Tu nombre me sabe a lager&#8221; &#8212; El jukebox\" data-secret=\"3XT6Xip4qB\" frameborder=\"0\" marginwidth=\"0\" marginheight=\"0\" scrolling=\"no\" class=\"wp-embedded-content\"><\/iframe><script>\n\/*! This file is auto-generated *\/\n!function(d,l){\"use strict\";l.querySelector&&d.addEventListener&&\"undefined\"!=typeof URL&&(d.wp=d.wp||{},d.wp.receiveEmbedMessage||(d.wp.receiveEmbedMessage=function(e){var t=e.data;if((t||t.secret||t.message||t.value)&&!\/[^a-zA-Z0-9]\/.test(t.secret)){for(var s,r,n,a=l.querySelectorAll('iframe[data-secret=\"'+t.secret+'\"]'),o=l.querySelectorAll('blockquote[data-secret=\"'+t.secret+'\"]'),c=new RegExp(\"^https?:$\",\"i\"),i=0;i<o.length;i++)o[i].style.display=\"none\";for(i=0;i<a.length;i++)s=a[i],e.source===s.contentWindow&&(s.removeAttribute(\"style\"),\"height\"===t.message?(1e3<(r=parseInt(t.value,10))?r=1e3:~~r<200&&(r=200),s.height=r):\"link\"===t.message&&(r=new URL(s.getAttribute(\"src\")),n=new URL(t.value),c.test(n.protocol))&&n.host===r.host&&l.activeElement===s&&(d.top.location.href=t.value))}},d.addEventListener(\"message\",d.wp.receiveEmbedMessage,!1),l.addEventListener(\"DOMContentLoaded\",function(){for(var e,t,s=l.querySelectorAll(\"iframe.wp-embedded-content\"),r=0;r<s.length;r++)(t=(e=s[r]).getAttribute(\"data-secret\"))||(t=Math.random().toString(36).substring(2,12),e.src+=\"#?secret=\"+t,e.setAttribute(\"data-secret\",t)),e.contentWindow.postMessage({message:\"ready\",secret:t},\"*\")},!1)))}(window,document);\n\/\/# sourceURL=https:\/\/blogs.diariovasco.com\/eljukebox\/wp-includes\/js\/wp-embed.min.js\n<\/script>\n","description":"Ni dos d\u00e9cadas expuesto al anuncio del caf\u00e9 de aqu\u00ed de toda la vida, te preparan para el estupor en el que te sumergir\u00e1 el de Campofr\u00edo. Estamos ante la versi\u00f3n cat\u00f3dica de Marina d&#8217;Or Ciudad de Vacaciones. En rigor, el spot no es un subproducto de la \u00e9poca de la crisis, sino su la [&hellip;]"}