{"version":"1.0","provider_name":"El jukebox","provider_url":"https:\/\/blogs.diariovasco.com\/eljukebox","author_name":"Alberto Moyano","author_url":"https:\/\/blogs.diariovasco.com\/eljukebox\/author\/amoyano_1462406400\/","title":"La noche que coincid\u00ed con Jonan Fern\u00e1ndez - El jukebox","type":"rich","width":600,"height":338,"html":"<blockquote class=\"wp-embedded-content\" data-secret=\"ecJegXpw6s\"><a href=\"https:\/\/blogs.diariovasco.com\/eljukebox\/2013\/01\/29\/la-noche-que-coincidi-con-jonan-fernandez\/\">La noche que coincid\u00ed con Jonan Fern\u00e1ndez<\/a><\/blockquote><iframe sandbox=\"allow-scripts\" security=\"restricted\" src=\"https:\/\/blogs.diariovasco.com\/eljukebox\/2013\/01\/29\/la-noche-que-coincidi-con-jonan-fernandez\/embed\/#?secret=ecJegXpw6s\" width=\"600\" height=\"338\" title=\"&#8220;La noche que coincid\u00ed con Jonan Fern\u00e1ndez&#8221; &#8212; El jukebox\" data-secret=\"ecJegXpw6s\" frameborder=\"0\" marginwidth=\"0\" marginheight=\"0\" scrolling=\"no\" class=\"wp-embedded-content\"><\/iframe><script>\n\/*! This file is auto-generated *\/\n!function(d,l){\"use strict\";l.querySelector&&d.addEventListener&&\"undefined\"!=typeof URL&&(d.wp=d.wp||{},d.wp.receiveEmbedMessage||(d.wp.receiveEmbedMessage=function(e){var t=e.data;if((t||t.secret||t.message||t.value)&&!\/[^a-zA-Z0-9]\/.test(t.secret)){for(var s,r,n,a=l.querySelectorAll('iframe[data-secret=\"'+t.secret+'\"]'),o=l.querySelectorAll('blockquote[data-secret=\"'+t.secret+'\"]'),c=new RegExp(\"^https?:$\",\"i\"),i=0;i<o.length;i++)o[i].style.display=\"none\";for(i=0;i<a.length;i++)s=a[i],e.source===s.contentWindow&&(s.removeAttribute(\"style\"),\"height\"===t.message?(1e3<(r=parseInt(t.value,10))?r=1e3:~~r<200&&(r=200),s.height=r):\"link\"===t.message&&(r=new URL(s.getAttribute(\"src\")),n=new URL(t.value),c.test(n.protocol))&&n.host===r.host&&l.activeElement===s&&(d.top.location.href=t.value))}},d.addEventListener(\"message\",d.wp.receiveEmbedMessage,!1),l.addEventListener(\"DOMContentLoaded\",function(){for(var e,t,s=l.querySelectorAll(\"iframe.wp-embedded-content\"),r=0;r<s.length;r++)(t=(e=s[r]).getAttribute(\"data-secret\"))||(t=Math.random().toString(36).substring(2,12),e.src+=\"#?secret=\"+t,e.setAttribute(\"data-secret\",t)),e.contentWindow.postMessage({message:\"ready\",secret:t},\"*\")},!1)))}(window,document);\n\/\/# sourceURL=https:\/\/blogs.diariovasco.com\/eljukebox\/wp-includes\/js\/wp-embed.min.js\n<\/script>\n","description":"Ser\u00eda 1991 o quiz\u00e1s 1992. Aquella noche, Euskal Telebista emit\u00eda en directo un debate sobre la autov\u00eda de Leizaran en la que participar\u00edan representantes de todos los partidos pol\u00edticos presentes en las Juntas Generales de Gipuzkoa, as\u00ed como Jonan Fern\u00e1ndez, cara visible por aquel entonces de la coordinadora que se opon\u00eda al trazado defendido desde [&hellip;]"}