{"version":"1.0","provider_name":"El jukebox","provider_url":"https:\/\/blogs.diariovasco.com\/eljukebox","author_name":"Alberto Moyano","author_url":"https:\/\/blogs.diariovasco.com\/eljukebox\/author\/amoyano_1462406400\/","title":"Soberan\u00eda nacional: cambio de modelo de negocio - El jukebox","type":"rich","width":600,"height":338,"html":"<blockquote class=\"wp-embedded-content\" data-secret=\"lqwM8TN1rk\"><a href=\"https:\/\/blogs.diariovasco.com\/eljukebox\/2014\/12\/30\/soberania-nacional-cambio-de-modelo-de-negocio\/\">Soberan\u00eda nacional: cambio de modelo de negocio<\/a><\/blockquote><iframe sandbox=\"allow-scripts\" security=\"restricted\" src=\"https:\/\/blogs.diariovasco.com\/eljukebox\/2014\/12\/30\/soberania-nacional-cambio-de-modelo-de-negocio\/embed\/#?secret=lqwM8TN1rk\" width=\"600\" height=\"338\" title=\"&#8220;Soberan\u00eda nacional: cambio de modelo de negocio&#8221; &#8212; El jukebox\" data-secret=\"lqwM8TN1rk\" frameborder=\"0\" marginwidth=\"0\" marginheight=\"0\" scrolling=\"no\" class=\"wp-embedded-content\"><\/iframe><script>\n\/*! This file is auto-generated *\/\n!function(d,l){\"use strict\";l.querySelector&&d.addEventListener&&\"undefined\"!=typeof URL&&(d.wp=d.wp||{},d.wp.receiveEmbedMessage||(d.wp.receiveEmbedMessage=function(e){var t=e.data;if((t||t.secret||t.message||t.value)&&!\/[^a-zA-Z0-9]\/.test(t.secret)){for(var s,r,n,a=l.querySelectorAll('iframe[data-secret=\"'+t.secret+'\"]'),o=l.querySelectorAll('blockquote[data-secret=\"'+t.secret+'\"]'),c=new RegExp(\"^https?:$\",\"i\"),i=0;i<o.length;i++)o[i].style.display=\"none\";for(i=0;i<a.length;i++)s=a[i],e.source===s.contentWindow&&(s.removeAttribute(\"style\"),\"height\"===t.message?(1e3<(r=parseInt(t.value,10))?r=1e3:~~r<200&&(r=200),s.height=r):\"link\"===t.message&&(r=new URL(s.getAttribute(\"src\")),n=new URL(t.value),c.test(n.protocol))&&n.host===r.host&&l.activeElement===s&&(d.top.location.href=t.value))}},d.addEventListener(\"message\",d.wp.receiveEmbedMessage,!1),l.addEventListener(\"DOMContentLoaded\",function(){for(var e,t,s=l.querySelectorAll(\"iframe.wp-embedded-content\"),r=0;r<s.length;r++)(t=(e=s[r]).getAttribute(\"data-secret\"))||(t=Math.random().toString(36).substring(2,12),e.src+=\"#?secret=\"+t,e.setAttribute(\"data-secret\",t)),e.contentWindow.postMessage({message:\"ready\",secret:t},\"*\")},!1)))}(window,document);\n\/\/# sourceURL=https:\/\/blogs.diariovasco.com\/eljukebox\/wp-includes\/js\/wp-embed.min.js\n<\/script>\n","description":"En el fondo, sab\u00edamos que Obama iba a ser un fraude que acabar\u00eda devorado por su propio cargo, pero quisimos que ganara las presidenciales en EEUU, en la confianza de que alg\u00fan supremacista blanco le volara la cabeza el d\u00eda de la investidura para as\u00ed pegar su foto en nuestro avatar. Lo sab\u00edamos con la [&hellip;]"}