{"version":"1.0","provider_name":"El fotograma","provider_url":"https:\/\/blogs.diariovasco.com\/fotograma","author_name":"Asier Manrique","author_url":"https:\/\/blogs.diariovasco.com\/fotograma\/author\/eurofan93\/","title":"'El corredor del laberinto: La cura mortal', final digno para una saga que ha dado tumbos - El fotograma","type":"rich","width":600,"height":338,"html":"<blockquote class=\"wp-embedded-content\" data-secret=\"6ju2leTigp\"><a href=\"https:\/\/blogs.diariovasco.com\/fotograma\/2018\/01\/30\/corredor-laberinto-cura-mortal\/\">&#8216;El corredor del laberinto: La cura mortal&#8217;, final digno para una saga que ha dado tumbos<\/a><\/blockquote><iframe sandbox=\"allow-scripts\" security=\"restricted\" src=\"https:\/\/blogs.diariovasco.com\/fotograma\/2018\/01\/30\/corredor-laberinto-cura-mortal\/embed\/#?secret=6ju2leTigp\" width=\"600\" height=\"338\" title=\"&#8220;&#8216;El corredor del laberinto: La cura mortal&#8217;, final digno para una saga que ha dado tumbos&#8221; &#8212; El fotograma\" data-secret=\"6ju2leTigp\" frameborder=\"0\" marginwidth=\"0\" marginheight=\"0\" scrolling=\"no\" class=\"wp-embedded-content\"><\/iframe><script>\n\/*! This file is auto-generated *\/\n!function(d,l){\"use strict\";l.querySelector&&d.addEventListener&&\"undefined\"!=typeof URL&&(d.wp=d.wp||{},d.wp.receiveEmbedMessage||(d.wp.receiveEmbedMessage=function(e){var t=e.data;if((t||t.secret||t.message||t.value)&&!\/[^a-zA-Z0-9]\/.test(t.secret)){for(var s,r,n,a=l.querySelectorAll('iframe[data-secret=\"'+t.secret+'\"]'),o=l.querySelectorAll('blockquote[data-secret=\"'+t.secret+'\"]'),c=new RegExp(\"^https?:$\",\"i\"),i=0;i<o.length;i++)o[i].style.display=\"none\";for(i=0;i<a.length;i++)s=a[i],e.source===s.contentWindow&&(s.removeAttribute(\"style\"),\"height\"===t.message?(1e3<(r=parseInt(t.value,10))?r=1e3:~~r<200&&(r=200),s.height=r):\"link\"===t.message&&(r=new URL(s.getAttribute(\"src\")),n=new URL(t.value),c.test(n.protocol))&&n.host===r.host&&l.activeElement===s&&(d.top.location.href=t.value))}},d.addEventListener(\"message\",d.wp.receiveEmbedMessage,!1),l.addEventListener(\"DOMContentLoaded\",function(){for(var e,t,s=l.querySelectorAll(\"iframe.wp-embedded-content\"),r=0;r<s.length;r++)(t=(e=s[r]).getAttribute(\"data-secret\"))||(t=Math.random().toString(36).substring(2,12),e.src+=\"#?secret=\"+t,e.setAttribute(\"data-secret\",t)),e.contentWindow.postMessage({message:\"ready\",secret:t},\"*\")},!1)))}(window,document);\n\/\/# sourceURL=https:\/\/blogs.diariovasco.com\/fotograma\/wp-includes\/js\/wp-embed.min.js\n<\/script>\n","description":"Thomas no puede confiar en CRUEL. La organizaci\u00f3n le borr\u00f3 sus recuerdos y lo encerr\u00f3 en el Laberinto. Luego lo dej\u00f3 al borde de la muerte, en el Desierto. Y lo separaron de los Habitantes, sus \u00fanicos amigo. Ahora CRUEL asegura que el tiempo de las mentiras ha terminado. Con toda la informaci\u00f3n que reuni\u00f3 gracias a las Pruebas, est\u00e1 en condiciones de avanzar en la cura de la Llamarada. Pero Thomas debe pasar por la Prueba Final. \u00bfLograr\u00e1 sobrevivir al procedimiento? \u00bfSer\u00e1 cierto que se terminaron las mentiras? Quiz\u00e1 la verdad sea m\u00e1s terrible a\u00fan... una soluci\u00f3n letal, sin retorno.","thumbnail_url":"https:\/\/pics.filmaffinity.com\/El_corredor_del_laberinto_La_cura_mortal-554621467-large.jpg"}