{"version":"1.0","provider_name":"La mirada","provider_url":"https:\/\/blogs.diariovasco.com\/la-mirada","author_name":"Lourdes P\u00e9rez","author_url":"https:\/\/blogs.diariovasco.com\/la-mirada\/author\/lourdesperez\/","title":"Ambiente irrespirable - La mirada","type":"rich","width":600,"height":338,"html":"<blockquote class=\"wp-embedded-content\" data-secret=\"Sx0XTkOaNd\"><a href=\"https:\/\/blogs.diariovasco.com\/la-mirada\/2013\/02\/02\/ambiente-irrespirable\/\">Ambiente irrespirable<\/a><\/blockquote><iframe sandbox=\"allow-scripts\" security=\"restricted\" src=\"https:\/\/blogs.diariovasco.com\/la-mirada\/2013\/02\/02\/ambiente-irrespirable\/embed\/#?secret=Sx0XTkOaNd\" width=\"600\" height=\"338\" title=\"&#8220;Ambiente irrespirable&#8221; &#8212; La mirada\" data-secret=\"Sx0XTkOaNd\" frameborder=\"0\" marginwidth=\"0\" marginheight=\"0\" scrolling=\"no\" class=\"wp-embedded-content\"><\/iframe><script>\n\/*! This file is auto-generated *\/\n!function(d,l){\"use strict\";l.querySelector&&d.addEventListener&&\"undefined\"!=typeof URL&&(d.wp=d.wp||{},d.wp.receiveEmbedMessage||(d.wp.receiveEmbedMessage=function(e){var t=e.data;if((t||t.secret||t.message||t.value)&&!\/[^a-zA-Z0-9]\/.test(t.secret)){for(var s,r,n,a=l.querySelectorAll('iframe[data-secret=\"'+t.secret+'\"]'),o=l.querySelectorAll('blockquote[data-secret=\"'+t.secret+'\"]'),c=new RegExp(\"^https?:$\",\"i\"),i=0;i<o.length;i++)o[i].style.display=\"none\";for(i=0;i<a.length;i++)s=a[i],e.source===s.contentWindow&&(s.removeAttribute(\"style\"),\"height\"===t.message?(1e3<(r=parseInt(t.value,10))?r=1e3:~~r<200&&(r=200),s.height=r):\"link\"===t.message&&(r=new URL(s.getAttribute(\"src\")),n=new URL(t.value),c.test(n.protocol))&&n.host===r.host&&l.activeElement===s&&(d.top.location.href=t.value))}},d.addEventListener(\"message\",d.wp.receiveEmbedMessage,!1),l.addEventListener(\"DOMContentLoaded\",function(){for(var e,t,s=l.querySelectorAll(\"iframe.wp-embedded-content\"),r=0;r<s.length;r++)(t=(e=s[r]).getAttribute(\"data-secret\"))||(t=Math.random().toString(36).substring(2,12),e.src+=\"#?secret=\"+t,e.setAttribute(\"data-secret\",t)),e.contentWindow.postMessage({message:\"ready\",secret:t},\"*\")},!1)))}(window,document);\n\/\/# sourceURL=https:\/\/blogs.diariovasco.com\/la-mirada\/wp-includes\/js\/wp-embed.min.js\n<\/script>\n","description":"No hay seguramente un dirigente en la pol\u00edtica espa\u00f1ola que maneje los silencios y los tiempos como Mariano Rajoy, que logr\u00f3 superar la ofensiva abierta contra su liderazgo en el PP tras la derrota electoral de 2008 por la v\u00eda de aguantar sin una voz m\u00e1s alta que otra las prisas de los dem\u00e1s y [&hellip;]"}