{"version":"1.0","provider_name":"La Casa de Cora","provider_url":"https:\/\/blogs.diariovasco.com\/lacasadecora","author_name":"RODEK arquitectura interior","author_url":"https:\/\/blogs.diariovasco.com\/lacasadecora\/author\/rpazaceta\/","title":"Apartamento urbano-2 - La Casa de Cora","type":"rich","width":600,"height":338,"html":"<blockquote class=\"wp-embedded-content\" data-secret=\"LKTmPmIr6N\"><a href=\"https:\/\/blogs.diariovasco.com\/lacasadecora\/apartamento-urbano-2\/2018\/05\/17\/\">Apartamento urbano-2<\/a><\/blockquote><iframe sandbox=\"allow-scripts\" security=\"restricted\" src=\"https:\/\/blogs.diariovasco.com\/lacasadecora\/apartamento-urbano-2\/2018\/05\/17\/embed\/#?secret=LKTmPmIr6N\" width=\"600\" height=\"338\" title=\"&#8220;Apartamento urbano-2&#8221; &#8212; La Casa de Cora\" data-secret=\"LKTmPmIr6N\" frameborder=\"0\" marginwidth=\"0\" marginheight=\"0\" scrolling=\"no\" class=\"wp-embedded-content\"><\/iframe><script>\n\/*! This file is auto-generated *\/\n!function(d,l){\"use strict\";l.querySelector&&d.addEventListener&&\"undefined\"!=typeof URL&&(d.wp=d.wp||{},d.wp.receiveEmbedMessage||(d.wp.receiveEmbedMessage=function(e){var t=e.data;if((t||t.secret||t.message||t.value)&&!\/[^a-zA-Z0-9]\/.test(t.secret)){for(var s,r,n,a=l.querySelectorAll('iframe[data-secret=\"'+t.secret+'\"]'),o=l.querySelectorAll('blockquote[data-secret=\"'+t.secret+'\"]'),c=new RegExp(\"^https?:$\",\"i\"),i=0;i<o.length;i++)o[i].style.display=\"none\";for(i=0;i<a.length;i++)s=a[i],e.source===s.contentWindow&&(s.removeAttribute(\"style\"),\"height\"===t.message?(1e3<(r=parseInt(t.value,10))?r=1e3:~~r<200&&(r=200),s.height=r):\"link\"===t.message&&(r=new URL(s.getAttribute(\"src\")),n=new URL(t.value),c.test(n.protocol))&&n.host===r.host&&l.activeElement===s&&(d.top.location.href=t.value))}},d.addEventListener(\"message\",d.wp.receiveEmbedMessage,!1),l.addEventListener(\"DOMContentLoaded\",function(){for(var e,t,s=l.querySelectorAll(\"iframe.wp-embedded-content\"),r=0;r<s.length;r++)(t=(e=s[r]).getAttribute(\"data-secret\"))||(t=Math.random().toString(36).substring(2,12),e.src+=\"#?secret=\"+t,e.setAttribute(\"data-secret\",t)),e.contentWindow.postMessage({message:\"ready\",secret:t},\"*\")},!1)))}(window,document);\n\/\/# sourceURL=https:\/\/blogs.diariovasco.com\/lacasadecora\/wp-includes\/js\/wp-embed.min.js\n<\/script>\n","description":"Si prefieres\u00a0los tonos neutros&#8230; Si prefieres\u00a0la luz natural &#8230; Si prefieres vivir en el centro urbano&#8230; Si prefieres una bonita iluminaci\u00f3n&#8230; A ver si encuentras alg\u00fan detalle que te guste en este apartamento, en el centro de la ciudad, con diferentes ambientaciones de iluminaci\u00f3n, para crear ambientes diferentes, dependiendo de la hora del d\u00eda&#8230; Fotos [&hellip;]","thumbnail_url":"http:\/\/blogs.diariovasco.com\/lacasadecora\/wp-content\/uploads\/sites\/59\/2018\/05\/1-salon-225x300.jpg"}