{"version":"1.0","provider_name":"La Casa de Cora","provider_url":"https:\/\/blogs.diariovasco.com\/lacasadecora","author_name":"Rosa Perez Azaceta","author_url":"https:\/\/blogs.diariovasco.com\/lacasadecora\/author\/rodek\/","title":"Estilo contemporaneo con detalles cl\u00e1sicos - La Casa de Cora","type":"rich","width":600,"height":338,"html":"<blockquote class=\"wp-embedded-content\" data-secret=\"zdifM9PgQG\"><a href=\"https:\/\/blogs.diariovasco.com\/lacasadecora\/estilo-contemporaneo-con-detalles-clasicos\/2017\/06\/18\/\">Estilo contemporaneo con detalles cl\u00e1sicos<\/a><\/blockquote><iframe sandbox=\"allow-scripts\" security=\"restricted\" src=\"https:\/\/blogs.diariovasco.com\/lacasadecora\/estilo-contemporaneo-con-detalles-clasicos\/2017\/06\/18\/embed\/#?secret=zdifM9PgQG\" width=\"600\" height=\"338\" title=\"&#8220;Estilo contemporaneo con detalles cl\u00e1sicos&#8221; &#8212; La Casa de Cora\" data-secret=\"zdifM9PgQG\" frameborder=\"0\" marginwidth=\"0\" marginheight=\"0\" scrolling=\"no\" class=\"wp-embedded-content\"><\/iframe><script>\n\/*! This file is auto-generated *\/\n!function(d,l){\"use strict\";l.querySelector&&d.addEventListener&&\"undefined\"!=typeof URL&&(d.wp=d.wp||{},d.wp.receiveEmbedMessage||(d.wp.receiveEmbedMessage=function(e){var t=e.data;if((t||t.secret||t.message||t.value)&&!\/[^a-zA-Z0-9]\/.test(t.secret)){for(var s,r,n,a=l.querySelectorAll('iframe[data-secret=\"'+t.secret+'\"]'),o=l.querySelectorAll('blockquote[data-secret=\"'+t.secret+'\"]'),c=new RegExp(\"^https?:$\",\"i\"),i=0;i<o.length;i++)o[i].style.display=\"none\";for(i=0;i<a.length;i++)s=a[i],e.source===s.contentWindow&&(s.removeAttribute(\"style\"),\"height\"===t.message?(1e3<(r=parseInt(t.value,10))?r=1e3:~~r<200&&(r=200),s.height=r):\"link\"===t.message&&(r=new URL(s.getAttribute(\"src\")),n=new URL(t.value),c.test(n.protocol))&&n.host===r.host&&l.activeElement===s&&(d.top.location.href=t.value))}},d.addEventListener(\"message\",d.wp.receiveEmbedMessage,!1),l.addEventListener(\"DOMContentLoaded\",function(){for(var e,t,s=l.querySelectorAll(\"iframe.wp-embedded-content\"),r=0;r<s.length;r++)(t=(e=s[r]).getAttribute(\"data-secret\"))||(t=Math.random().toString(36).substring(2,12),e.src+=\"#?secret=\"+t,e.setAttribute(\"data-secret\",t)),e.contentWindow.postMessage({message:\"ready\",secret:t},\"*\")},!1)))}(window,document);\n\/\/# sourceURL=https:\/\/blogs.diariovasco.com\/lacasadecora\/wp-includes\/js\/wp-embed.min.js\n<\/script>\n","description":"En una reforma totalmente actual, en cuanto al dise\u00f1o, se pueden encajar perfectamente elementos que le ten\u00edamos antes un cari\u00f1o especial, como en este caso, la iluminaci\u00f3n, l\u00e1mparas de techo. Se han integrado parte de ellas en la nueva distribuci\u00f3n, d\u00e1ndole un aspecto diferente a la zona de comedor, sobre todo, con el detalle c\u00e1lido [&hellip;]","thumbnail_url":"https:\/\/blogs.diariovasco.com\/lacasadecora\/wp-content\/uploads\/sites\/59\/2017\/06\/1-estar1-150x150.jpg"}