{"version":"1.0","provider_name":"La psic\u00f3loga en casa","provider_url":"https:\/\/blogs.diariovasco.com\/lapsicologaencasa","author_name":"Bel\u00e9n Casado Mendiluce","author_url":"https:\/\/blogs.diariovasco.com\/lapsicologaencasa\/author\/belencasadomendiluce\/","title":"El miedo, ese compa\u00f1ero de viaje - La psic\u00f3loga en casa","type":"rich","width":600,"height":338,"html":"<blockquote class=\"wp-embedded-content\" data-secret=\"fh2QNeR5Ti\"><a href=\"https:\/\/blogs.diariovasco.com\/lapsicologaencasa\/2014\/09\/24\/el-miedo-ese-companero-de-viaje\/\">El miedo, ese compa\u00f1ero de viaje<\/a><\/blockquote><iframe sandbox=\"allow-scripts\" security=\"restricted\" src=\"https:\/\/blogs.diariovasco.com\/lapsicologaencasa\/2014\/09\/24\/el-miedo-ese-companero-de-viaje\/embed\/#?secret=fh2QNeR5Ti\" width=\"600\" height=\"338\" title=\"&#8220;El miedo, ese compa\u00f1ero de viaje&#8221; &#8212; La psic\u00f3loga en casa\" data-secret=\"fh2QNeR5Ti\" frameborder=\"0\" marginwidth=\"0\" marginheight=\"0\" scrolling=\"no\" class=\"wp-embedded-content\"><\/iframe><script>\n\/*! This file is auto-generated *\/\n!function(d,l){\"use strict\";l.querySelector&&d.addEventListener&&\"undefined\"!=typeof URL&&(d.wp=d.wp||{},d.wp.receiveEmbedMessage||(d.wp.receiveEmbedMessage=function(e){var t=e.data;if((t||t.secret||t.message||t.value)&&!\/[^a-zA-Z0-9]\/.test(t.secret)){for(var s,r,n,a=l.querySelectorAll('iframe[data-secret=\"'+t.secret+'\"]'),o=l.querySelectorAll('blockquote[data-secret=\"'+t.secret+'\"]'),c=new RegExp(\"^https?:$\",\"i\"),i=0;i<o.length;i++)o[i].style.display=\"none\";for(i=0;i<a.length;i++)s=a[i],e.source===s.contentWindow&&(s.removeAttribute(\"style\"),\"height\"===t.message?(1e3<(r=parseInt(t.value,10))?r=1e3:~~r<200&&(r=200),s.height=r):\"link\"===t.message&&(r=new URL(s.getAttribute(\"src\")),n=new URL(t.value),c.test(n.protocol))&&n.host===r.host&&l.activeElement===s&&(d.top.location.href=t.value))}},d.addEventListener(\"message\",d.wp.receiveEmbedMessage,!1),l.addEventListener(\"DOMContentLoaded\",function(){for(var e,t,s=l.querySelectorAll(\"iframe.wp-embedded-content\"),r=0;r<s.length;r++)(t=(e=s[r]).getAttribute(\"data-secret\"))||(t=Math.random().toString(36).substring(2,12),e.src+=\"#?secret=\"+t,e.setAttribute(\"data-secret\",t)),e.contentWindow.postMessage({message:\"ready\",secret:t},\"*\")},!1)))}(window,document);\n\/\/# sourceURL=https:\/\/blogs.diariovasco.com\/lapsicologaencasa\/wp-includes\/js\/wp-embed.min.js\n<\/script>\n","description":"&nbsp; Me parece genial la frase de Thomas Hobbes: \u201cEl d\u00eda que yo nac\u00ed, mi madre pari\u00f3 dos gemelos, yo y mi miedo\u201d. Una frase tan real como la vida misma. Siempre digo que todos sentimos miedo, y el que lo niegue,\u00a0 miente descaradamente o no es consciente de s\u00ed mismo y, por tanto, m\u00e1s [&hellip;]","thumbnail_url":"http:\/\/artikelsite.info\/uploads\/m\/Merel58\/7a21434040~.jpg"}