{"version":"1.0","provider_name":"Uno m\u00e1s en la familia","provider_url":"https:\/\/blogs.diariovasco.com\/mascotas","author_name":"Irene Crespo","author_url":"https:\/\/blogs.diariovasco.com\/mascotas\/author\/unomasenlafamiliablo\/","title":"Eder, perra perdida desde hace casi un mes - Uno m\u00e1s en la familia","type":"rich","width":600,"height":338,"html":"<blockquote class=\"wp-embedded-content\" data-secret=\"zFtVjEaGKX\"><a href=\"https:\/\/blogs.diariovasco.com\/mascotas\/2011\/12\/05\/eder-perra-perdida-desde-hace-casi-un-mes\/\">Eder, perra perdida desde hace casi un mes<\/a><\/blockquote><iframe sandbox=\"allow-scripts\" security=\"restricted\" src=\"https:\/\/blogs.diariovasco.com\/mascotas\/2011\/12\/05\/eder-perra-perdida-desde-hace-casi-un-mes\/embed\/#?secret=zFtVjEaGKX\" width=\"600\" height=\"338\" title=\"&#8220;Eder, perra perdida desde hace casi un mes&#8221; &#8212; Uno m\u00e1s en la familia\" data-secret=\"zFtVjEaGKX\" frameborder=\"0\" marginwidth=\"0\" marginheight=\"0\" scrolling=\"no\" class=\"wp-embedded-content\"><\/iframe><script>\n\/*! This file is auto-generated *\/\n!function(d,l){\"use strict\";l.querySelector&&d.addEventListener&&\"undefined\"!=typeof URL&&(d.wp=d.wp||{},d.wp.receiveEmbedMessage||(d.wp.receiveEmbedMessage=function(e){var t=e.data;if((t||t.secret||t.message||t.value)&&!\/[^a-zA-Z0-9]\/.test(t.secret)){for(var s,r,n,a=l.querySelectorAll('iframe[data-secret=\"'+t.secret+'\"]'),o=l.querySelectorAll('blockquote[data-secret=\"'+t.secret+'\"]'),c=new RegExp(\"^https?:$\",\"i\"),i=0;i<o.length;i++)o[i].style.display=\"none\";for(i=0;i<a.length;i++)s=a[i],e.source===s.contentWindow&&(s.removeAttribute(\"style\"),\"height\"===t.message?(1e3<(r=parseInt(t.value,10))?r=1e3:~~r<200&&(r=200),s.height=r):\"link\"===t.message&&(r=new URL(s.getAttribute(\"src\")),n=new URL(t.value),c.test(n.protocol))&&n.host===r.host&&l.activeElement===s&&(d.top.location.href=t.value))}},d.addEventListener(\"message\",d.wp.receiveEmbedMessage,!1),l.addEventListener(\"DOMContentLoaded\",function(){for(var e,t,s=l.querySelectorAll(\"iframe.wp-embedded-content\"),r=0;r<s.length;r++)(t=(e=s[r]).getAttribute(\"data-secret\"))||(t=Math.random().toString(36).substring(2,12),e.src+=\"#?secret=\"+t,e.setAttribute(\"data-secret\",t)),e.contentWindow.postMessage({message:\"ready\",secret:t},\"*\")},!1)))}(window,document);\n\/\/# sourceURL=https:\/\/blogs.diariovasco.com\/mascotas\/wp-includes\/js\/wp-embed.min.js\n<\/script>\n","description":"Eder es una perra adulta mestiza de pastor alem\u00e1n. Se perdi\u00f3 el pasado 11 de noviembre en el parque de Monteforte, Illumbe, Oiargan, en Vizcaya. \u00a0Su due\u00f1a lleva desde ese d\u00eda sin parar de buscarla por la zona, llamar a perreras, colocar carteles&#8230;y me cuenta que est\u00e1 desesperada porque no tiene ninguna noticia de la [&hellip;]"}