{"version":"1.0","provider_name":"Mirando a la bah\u00eda","provider_url":"https:\/\/blogs.diariovasco.com\/mirandoalabahia","author_name":"Carolina Isasi","author_url":"https:\/\/blogs.diariovasco.com\/mirandoalabahia\/author\/mirandoalabahia\/","title":"AGUR DONOSTI - Mirando a la bah\u00eda","type":"rich","width":600,"height":338,"html":"<blockquote class=\"wp-embedded-content\" data-secret=\"meYZxjbSDJ\"><a href=\"https:\/\/blogs.diariovasco.com\/mirandoalabahia\/2012\/08\/31\/agur-donosti\/\">AGUR DONOSTI<\/a><\/blockquote><iframe sandbox=\"allow-scripts\" security=\"restricted\" src=\"https:\/\/blogs.diariovasco.com\/mirandoalabahia\/2012\/08\/31\/agur-donosti\/embed\/#?secret=meYZxjbSDJ\" width=\"600\" height=\"338\" title=\"&#8220;AGUR DONOSTI&#8221; &#8212; Mirando a la bah\u00eda\" data-secret=\"meYZxjbSDJ\" frameborder=\"0\" marginwidth=\"0\" marginheight=\"0\" scrolling=\"no\" class=\"wp-embedded-content\"><\/iframe><script>\n\/*! This file is auto-generated *\/\n!function(d,l){\"use strict\";l.querySelector&&d.addEventListener&&\"undefined\"!=typeof URL&&(d.wp=d.wp||{},d.wp.receiveEmbedMessage||(d.wp.receiveEmbedMessage=function(e){var t=e.data;if((t||t.secret||t.message||t.value)&&!\/[^a-zA-Z0-9]\/.test(t.secret)){for(var s,r,n,a=l.querySelectorAll('iframe[data-secret=\"'+t.secret+'\"]'),o=l.querySelectorAll('blockquote[data-secret=\"'+t.secret+'\"]'),c=new RegExp(\"^https?:$\",\"i\"),i=0;i<o.length;i++)o[i].style.display=\"none\";for(i=0;i<a.length;i++)s=a[i],e.source===s.contentWindow&&(s.removeAttribute(\"style\"),\"height\"===t.message?(1e3<(r=parseInt(t.value,10))?r=1e3:~~r<200&&(r=200),s.height=r):\"link\"===t.message&&(r=new URL(s.getAttribute(\"src\")),n=new URL(t.value),c.test(n.protocol))&&n.host===r.host&&l.activeElement===s&&(d.top.location.href=t.value))}},d.addEventListener(\"message\",d.wp.receiveEmbedMessage,!1),l.addEventListener(\"DOMContentLoaded\",function(){for(var e,t,s=l.querySelectorAll(\"iframe.wp-embedded-content\"),r=0;r<s.length;r++)(t=(e=s[r]).getAttribute(\"data-secret\"))||(t=Math.random().toString(36).substring(2,12),e.src+=\"#?secret=\"+t,e.setAttribute(\"data-secret\",t)),e.contentWindow.postMessage({message:\"ready\",secret:t},\"*\")},!1)))}(window,document);\n\/\/# sourceURL=https:\/\/blogs.diariovasco.com\/mirandoalabahia\/wp-includes\/js\/wp-embed.min.js\n<\/script>\n","thumbnail_url":"https:\/\/blogs.diariovasco.com\/mirandoalabahia\/wp-content\/uploads\/sites\/23\/2012\/08\/la_foto1.jpg","thumbnail_width":612,"thumbnail_height":612,"description":"Lo bueno acaba pronto aunque la medida del tiempo no sea muy objetiva. No han sido pocos d\u00edas y he hecho de todo: disfrutar de la playa, de la Semana Grande, de mi familia, de la ciudad, de la radio con mi compa\u00f1ero Juan Mari Ma\u00f1ero, de mis amigos\u2026 He fotografiado la ciudad como una [&hellip;]"}