{"version":"1.0","provider_name":"Mon Oncle","provider_url":"https:\/\/blogs.diariovasco.com\/mononcle","author_name":"Ricardo Aldarondo","author_url":"https:\/\/blogs.diariovasco.com\/mononcle\/author\/raldarondo_1462233600\/","title":"Festival (1): Introduci\u00e9ndose, sent\u00e1ndose - Mon Oncle","type":"rich","width":600,"height":338,"html":"<blockquote class=\"wp-embedded-content\" data-secret=\"An4Z3qYxBC\"><a href=\"https:\/\/blogs.diariovasco.com\/mononcle\/2011\/09\/15\/festival_1_introduciendose_sentandose\/\">Festival (1): Introduci\u00e9ndose, sent\u00e1ndose<\/a><\/blockquote><iframe sandbox=\"allow-scripts\" security=\"restricted\" src=\"https:\/\/blogs.diariovasco.com\/mononcle\/2011\/09\/15\/festival_1_introduciendose_sentandose\/embed\/#?secret=An4Z3qYxBC\" width=\"600\" height=\"338\" title=\"&#8220;Festival (1): Introduci\u00e9ndose, sent\u00e1ndose&#8221; &#8212; Mon Oncle\" data-secret=\"An4Z3qYxBC\" frameborder=\"0\" marginwidth=\"0\" marginheight=\"0\" scrolling=\"no\" class=\"wp-embedded-content\"><\/iframe><script>\n\/*! This file is auto-generated *\/\n!function(d,l){\"use strict\";l.querySelector&&d.addEventListener&&\"undefined\"!=typeof URL&&(d.wp=d.wp||{},d.wp.receiveEmbedMessage||(d.wp.receiveEmbedMessage=function(e){var t=e.data;if((t||t.secret||t.message||t.value)&&!\/[^a-zA-Z0-9]\/.test(t.secret)){for(var s,r,n,a=l.querySelectorAll('iframe[data-secret=\"'+t.secret+'\"]'),o=l.querySelectorAll('blockquote[data-secret=\"'+t.secret+'\"]'),c=new RegExp(\"^https?:$\",\"i\"),i=0;i<o.length;i++)o[i].style.display=\"none\";for(i=0;i<a.length;i++)s=a[i],e.source===s.contentWindow&&(s.removeAttribute(\"style\"),\"height\"===t.message?(1e3<(r=parseInt(t.value,10))?r=1e3:~~r<200&&(r=200),s.height=r):\"link\"===t.message&&(r=new URL(s.getAttribute(\"src\")),n=new URL(t.value),c.test(n.protocol))&&n.host===r.host&&l.activeElement===s&&(d.top.location.href=t.value))}},d.addEventListener(\"message\",d.wp.receiveEmbedMessage,!1),l.addEventListener(\"DOMContentLoaded\",function(){for(var e,t,s=l.querySelectorAll(\"iframe.wp-embedded-content\"),r=0;r<s.length;r++)(t=(e=s[r]).getAttribute(\"data-secret\"))||(t=Math.random().toString(36).substring(2,12),e.src+=\"#?secret=\"+t,e.setAttribute(\"data-secret\",t)),e.contentWindow.postMessage({message:\"ready\",secret:t},\"*\")},!1)))}(window,document);\n\/\/# sourceURL=https:\/\/blogs.diariovasco.com\/mononcle\/wp-includes\/js\/wp-embed.min.js\n<\/script>\n","description":"Con la oportunamente titulada \u2018Intruders\u2019 comienza ma\u00f1ana el Festival. Mientras algunos, tan dados a ello, se llevan las manos a la cabeza porque se trata de una pel\u00edcula de cine fant\u00e1stico (otros, o incluso los mismos, se las llevar\u00edan igual si fuera un drama social), la inauguraci\u00f3n tiene lo que hay que tener: cine espect\u00e1culo, [&hellip;]"}