{"version":"1.0","provider_name":"A todo motor","provider_url":"https:\/\/blogs.diariovasco.com\/motor","author_name":"Juan Ignacio Viedma \/ Andr\u00e9s Viedma","author_url":"https:\/\/blogs.diariovasco.com\/motor\/author\/charly-viedmacarsdv_5058-2-2\/","title":"BIBENDUM CUMPLE 120 A\u00d1OS - A todo motor","type":"rich","width":600,"height":338,"html":"<blockquote class=\"wp-embedded-content\" data-secret=\"meYnrgcnBH\"><a href=\"https:\/\/blogs.diariovasco.com\/motor\/2018\/10\/30\/bibendum-cumple-120-anos\/\">BIBENDUM CUMPLE 120 A\u00d1OS<\/a><\/blockquote><iframe sandbox=\"allow-scripts\" security=\"restricted\" src=\"https:\/\/blogs.diariovasco.com\/motor\/2018\/10\/30\/bibendum-cumple-120-anos\/embed\/#?secret=meYnrgcnBH\" width=\"600\" height=\"338\" title=\"&#8220;BIBENDUM CUMPLE 120 A\u00d1OS&#8221; &#8212; A todo motor\" data-secret=\"meYnrgcnBH\" frameborder=\"0\" marginwidth=\"0\" marginheight=\"0\" scrolling=\"no\" class=\"wp-embedded-content\"><\/iframe><script>\n\/*! This file is auto-generated *\/\n!function(d,l){\"use strict\";l.querySelector&&d.addEventListener&&\"undefined\"!=typeof URL&&(d.wp=d.wp||{},d.wp.receiveEmbedMessage||(d.wp.receiveEmbedMessage=function(e){var t=e.data;if((t||t.secret||t.message||t.value)&&!\/[^a-zA-Z0-9]\/.test(t.secret)){for(var s,r,n,a=l.querySelectorAll('iframe[data-secret=\"'+t.secret+'\"]'),o=l.querySelectorAll('blockquote[data-secret=\"'+t.secret+'\"]'),c=new RegExp(\"^https?:$\",\"i\"),i=0;i<o.length;i++)o[i].style.display=\"none\";for(i=0;i<a.length;i++)s=a[i],e.source===s.contentWindow&&(s.removeAttribute(\"style\"),\"height\"===t.message?(1e3<(r=parseInt(t.value,10))?r=1e3:~~r<200&&(r=200),s.height=r):\"link\"===t.message&&(r=new URL(s.getAttribute(\"src\")),n=new URL(t.value),c.test(n.protocol))&&n.host===r.host&&l.activeElement===s&&(d.top.location.href=t.value))}},d.addEventListener(\"message\",d.wp.receiveEmbedMessage,!1),l.addEventListener(\"DOMContentLoaded\",function(){for(var e,t,s=l.querySelectorAll(\"iframe.wp-embedded-content\"),r=0;r<s.length;r++)(t=(e=s[r]).getAttribute(\"data-secret\"))||(t=Math.random().toString(36).substring(2,12),e.src+=\"#?secret=\"+t,e.setAttribute(\"data-secret\",t)),e.contentWindow.postMessage({message:\"ready\",secret:t},\"*\")},!1)))}(window,document);\n\/\/# sourceURL=https:\/\/blogs.diariovasco.com\/motor\/wp-includes\/js\/wp-embed.min.js\n<\/script>\n","thumbnail_url":"https:\/\/blogs.diariovasco.com\/motor\/wp-content\/uploads\/sites\/9\/2018\/10\/BIBENDUM.jpg","thumbnail_width":724,"thumbnail_height":1024,"description":"El mu\u00f1eco Michelin, un referente en el automovilismo &nbsp; Si hace dos a\u00f1os Michelin celebr\u00f3 los\u00a050 a\u00f1os de historia de su f\u00e1brica de Vitoria, hoy es el turno de\u00a0Bibendum, m\u00e1s conocido por todos como \u201cel mu\u00f1eco Michelin\u201d. Corr\u00eda el a\u00f1o\u00a01898\u00a0cuando los\u00a0hermanos Michelin y el caricaturista \u201cO\u00b4Galop\u201d dieron a luz al que se ha convertido en [&hellip;]"}