{"version":"1.0","provider_name":"El pajarito ingl\u00e9s","provider_url":"https:\/\/blogs.diariovasco.com\/pajaritoingles","author_name":"Karel L\u00f3pez G\u00f3mez","author_url":"https:\/\/blogs.diariovasco.com\/pajaritoingles\/author\/karellopez93_1462752000\/","title":"Relevos al ritmo de las vallas - El pajarito ingl\u00e9s","type":"rich","width":600,"height":338,"html":"<blockquote class=\"wp-embedded-content\" data-secret=\"H85u4dQIOg\"><a href=\"https:\/\/blogs.diariovasco.com\/pajaritoingles\/2014\/04\/28\/relevos-al-ritmo-de-las-vallas\/\">Relevos al ritmo de las vallas<\/a><\/blockquote><iframe sandbox=\"allow-scripts\" security=\"restricted\" src=\"https:\/\/blogs.diariovasco.com\/pajaritoingles\/2014\/04\/28\/relevos-al-ritmo-de-las-vallas\/embed\/#?secret=H85u4dQIOg\" width=\"600\" height=\"338\" title=\"&#8220;Relevos al ritmo de las vallas&#8221; &#8212; El pajarito ingl\u00e9s\" data-secret=\"H85u4dQIOg\" frameborder=\"0\" marginwidth=\"0\" marginheight=\"0\" scrolling=\"no\" class=\"wp-embedded-content\"><\/iframe><script>\n\/*! This file is auto-generated *\/\n!function(d,l){\"use strict\";l.querySelector&&d.addEventListener&&\"undefined\"!=typeof URL&&(d.wp=d.wp||{},d.wp.receiveEmbedMessage||(d.wp.receiveEmbedMessage=function(e){var t=e.data;if((t||t.secret||t.message||t.value)&&!\/[^a-zA-Z0-9]\/.test(t.secret)){for(var s,r,n,a=l.querySelectorAll('iframe[data-secret=\"'+t.secret+'\"]'),o=l.querySelectorAll('blockquote[data-secret=\"'+t.secret+'\"]'),c=new RegExp(\"^https?:$\",\"i\"),i=0;i<o.length;i++)o[i].style.display=\"none\";for(i=0;i<a.length;i++)s=a[i],e.source===s.contentWindow&&(s.removeAttribute(\"style\"),\"height\"===t.message?(1e3<(r=parseInt(t.value,10))?r=1e3:~~r<200&&(r=200),s.height=r):\"link\"===t.message&&(r=new URL(s.getAttribute(\"src\")),n=new URL(t.value),c.test(n.protocol))&&n.host===r.host&&l.activeElement===s&&(d.top.location.href=t.value))}},d.addEventListener(\"message\",d.wp.receiveEmbedMessage,!1),l.addEventListener(\"DOMContentLoaded\",function(){for(var e,t,s=l.querySelectorAll(\"iframe.wp-embedded-content\"),r=0;r<s.length;r++)(t=(e=s[r]).getAttribute(\"data-secret\"))||(t=Math.random().toString(36).substring(2,12),e.src+=\"#?secret=\"+t,e.setAttribute(\"data-secret\",t)),e.contentWindow.postMessage({message:\"ready\",secret:t},\"*\")},!1)))}(window,document);\n\/\/# sourceURL=https:\/\/blogs.diariovasco.com\/pajaritoingles\/wp-includes\/js\/wp-embed.min.js\n<\/script>\n","thumbnail_url":"https:\/\/blogs.diariovasco.com\/pajaritoingles\/wp-content\/uploads\/sites\/33\/2014\/04\/vallas.jpg","thumbnail_width":300,"thumbnail_height":168,"description":"Antes de nada, quisiera dejar claro que en este post quiero hablar de una prueba novedosa que, sin duda alguna, es de los m\u00e1s espectacular que he visto, atl\u00e9ticamente hablando, en los \u00faltimos tiempos: la de 4&#215;110 metros vallas. \u00a1S\u00ed! Han le\u00eddo bien: \u00a14&#215;110 metros vallas! Adjunto el v\u00eddeo, pues es la forma m\u00e1s sencilla [&hellip;]"}