{"version":"1.0","provider_name":"Ladelponcho Verde\u00b4s\u2026 Daily Tales","provider_url":"https:\/\/blogs.diariovasco.com\/poncho-verde","author_name":"Ane Arruabarrena","author_url":"https:\/\/blogs.diariovasco.com\/poncho-verde\/author\/anearru\/","title":"\u00bfFeliz D\u00eda de Acci\u00f3n de Gracias? - Ladelponcho Verde\u00b4s\u2026 Daily Tales","type":"rich","width":600,"height":338,"html":"<blockquote class=\"wp-embedded-content\" data-secret=\"teIubcnVNl\"><a href=\"https:\/\/blogs.diariovasco.com\/poncho-verde\/2013\/12\/02\/feliz-dia-de-accion-de-gracias\/\">\u00bfFeliz D\u00eda de Acci\u00f3n de Gracias?<\/a><\/blockquote><iframe sandbox=\"allow-scripts\" security=\"restricted\" src=\"https:\/\/blogs.diariovasco.com\/poncho-verde\/2013\/12\/02\/feliz-dia-de-accion-de-gracias\/embed\/#?secret=teIubcnVNl\" width=\"600\" height=\"338\" title=\"&#8220;\u00bfFeliz D\u00eda de Acci\u00f3n de Gracias?&#8221; &#8212; Ladelponcho Verde\u00b4s\u2026 Daily Tales\" data-secret=\"teIubcnVNl\" frameborder=\"0\" marginwidth=\"0\" marginheight=\"0\" scrolling=\"no\" class=\"wp-embedded-content\"><\/iframe><script>\n\/*! This file is auto-generated *\/\n!function(d,l){\"use strict\";l.querySelector&&d.addEventListener&&\"undefined\"!=typeof URL&&(d.wp=d.wp||{},d.wp.receiveEmbedMessage||(d.wp.receiveEmbedMessage=function(e){var t=e.data;if((t||t.secret||t.message||t.value)&&!\/[^a-zA-Z0-9]\/.test(t.secret)){for(var s,r,n,a=l.querySelectorAll('iframe[data-secret=\"'+t.secret+'\"]'),o=l.querySelectorAll('blockquote[data-secret=\"'+t.secret+'\"]'),c=new RegExp(\"^https?:$\",\"i\"),i=0;i<o.length;i++)o[i].style.display=\"none\";for(i=0;i<a.length;i++)s=a[i],e.source===s.contentWindow&&(s.removeAttribute(\"style\"),\"height\"===t.message?(1e3<(r=parseInt(t.value,10))?r=1e3:~~r<200&&(r=200),s.height=r):\"link\"===t.message&&(r=new URL(s.getAttribute(\"src\")),n=new URL(t.value),c.test(n.protocol))&&n.host===r.host&&l.activeElement===s&&(d.top.location.href=t.value))}},d.addEventListener(\"message\",d.wp.receiveEmbedMessage,!1),l.addEventListener(\"DOMContentLoaded\",function(){for(var e,t,s=l.querySelectorAll(\"iframe.wp-embedded-content\"),r=0;r<s.length;r++)(t=(e=s[r]).getAttribute(\"data-secret\"))||(t=Math.random().toString(36).substring(2,12),e.src+=\"#?secret=\"+t,e.setAttribute(\"data-secret\",t)),e.contentWindow.postMessage({message:\"ready\",secret:t},\"*\")},!1)))}(window,document);\n\/\/# sourceURL=https:\/\/blogs.diariovasco.com\/poncho-verde\/wp-includes\/js\/wp-embed.min.js\n<\/script>\n","description":"Depende para qui\u00e9n. Despu\u00e9s de haber experimentado el a\u00f1o pasado c\u00f3mo se siente una al rellenar un pavo, en esta ocasi\u00f3n he optado por que lo hagan otros. El plan era pasar el d\u00eda de Acci\u00f3n de Gracias en casa de unos amigos franceses, que acogen en d\u00edas como este a europeos que no saben [&hellip;]"}