{"version":"1.0","provider_name":"Ser escritor","provider_url":"https:\/\/blogs.diariovasco.com\/ser-escritor","author_name":"Manu de Ordo\u00f1ana, Ana Merino y Ane Mayoz","author_url":"https:\/\/blogs.diariovasco.com\/ser-escritor\/author\/manu3131\/","title":"La generaci\u00f3n del 27 en femenino - Ser escritor","type":"rich","width":600,"height":338,"html":"<blockquote class=\"wp-embedded-content\" data-secret=\"PjfkujIgtQ\"><a href=\"https:\/\/blogs.diariovasco.com\/ser-escritor\/2020\/05\/26\/la-generacion-del-27-en-femenino\/\">La generaci\u00f3n del 27 en femenino<\/a><\/blockquote><iframe sandbox=\"allow-scripts\" security=\"restricted\" src=\"https:\/\/blogs.diariovasco.com\/ser-escritor\/2020\/05\/26\/la-generacion-del-27-en-femenino\/embed\/#?secret=PjfkujIgtQ\" width=\"600\" height=\"338\" title=\"&#8220;La generaci\u00f3n del 27 en femenino&#8221; &#8212; Ser escritor\" data-secret=\"PjfkujIgtQ\" frameborder=\"0\" marginwidth=\"0\" marginheight=\"0\" scrolling=\"no\" class=\"wp-embedded-content\"><\/iframe><script>\n\/*! This file is auto-generated *\/\n!function(d,l){\"use strict\";l.querySelector&&d.addEventListener&&\"undefined\"!=typeof URL&&(d.wp=d.wp||{},d.wp.receiveEmbedMessage||(d.wp.receiveEmbedMessage=function(e){var t=e.data;if((t||t.secret||t.message||t.value)&&!\/[^a-zA-Z0-9]\/.test(t.secret)){for(var s,r,n,a=l.querySelectorAll('iframe[data-secret=\"'+t.secret+'\"]'),o=l.querySelectorAll('blockquote[data-secret=\"'+t.secret+'\"]'),c=new RegExp(\"^https?:$\",\"i\"),i=0;i<o.length;i++)o[i].style.display=\"none\";for(i=0;i<a.length;i++)s=a[i],e.source===s.contentWindow&&(s.removeAttribute(\"style\"),\"height\"===t.message?(1e3<(r=parseInt(t.value,10))?r=1e3:~~r<200&&(r=200),s.height=r):\"link\"===t.message&&(r=new URL(s.getAttribute(\"src\")),n=new URL(t.value),c.test(n.protocol))&&n.host===r.host&&l.activeElement===s&&(d.top.location.href=t.value))}},d.addEventListener(\"message\",d.wp.receiveEmbedMessage,!1),l.addEventListener(\"DOMContentLoaded\",function(){for(var e,t,s=l.querySelectorAll(\"iframe.wp-embedded-content\"),r=0;r<s.length;r++)(t=(e=s[r]).getAttribute(\"data-secret\"))||(t=Math.random().toString(36).substring(2,12),e.src+=\"#?secret=\"+t,e.setAttribute(\"data-secret\",t)),e.contentWindow.postMessage({message:\"ready\",secret:t},\"*\")},!1)))}(window,document);\n\/\/# sourceURL=https:\/\/blogs.diariovasco.com\/ser-escritor\/wp-includes\/js\/wp-embed.min.js\n<\/script>\n","description":"La Generaci\u00f3n del 27 re\u00fane una pl\u00e9yade de artistas espa\u00f1oles que legaron obras inmortales. Pero su memoria tiene g\u00e9nero masculino. Nadie se acuerda de ellas, las \u201csinsombrero\u201d, olvidadas injustamente por la dictadura franquista."}