{"version":"1.0","provider_name":"Sesi\u00f3n Continua","provider_url":"https:\/\/blogs.diariovasco.com\/sesioncontinua","author_name":"Carlos Elorza","author_url":"https:\/\/blogs.diariovasco.com\/sesioncontinua\/author\/carloselorzaya-com\/","title":"Cine en Donosti tras el cierre de los Warner - Sesi\u00f3n Continua","type":"rich","width":600,"height":338,"html":"<blockquote class=\"wp-embedded-content\" data-secret=\"kTgR4OKNUu\"><a href=\"https:\/\/blogs.diariovasco.com\/sesioncontinua\/2006\/06\/29\/cierre_warner\/\">Cine en Donosti tras el cierre de los Warner<\/a><\/blockquote><iframe sandbox=\"allow-scripts\" security=\"restricted\" src=\"https:\/\/blogs.diariovasco.com\/sesioncontinua\/2006\/06\/29\/cierre_warner\/embed\/#?secret=kTgR4OKNUu\" width=\"600\" height=\"338\" title=\"&#8220;Cine en Donosti tras el cierre de los Warner&#8221; &#8212; Sesi\u00f3n Continua\" data-secret=\"kTgR4OKNUu\" frameborder=\"0\" marginwidth=\"0\" marginheight=\"0\" scrolling=\"no\" class=\"wp-embedded-content\"><\/iframe><script>\n\/*! This file is auto-generated *\/\n!function(d,l){\"use strict\";l.querySelector&&d.addEventListener&&\"undefined\"!=typeof URL&&(d.wp=d.wp||{},d.wp.receiveEmbedMessage||(d.wp.receiveEmbedMessage=function(e){var t=e.data;if((t||t.secret||t.message||t.value)&&!\/[^a-zA-Z0-9]\/.test(t.secret)){for(var s,r,n,a=l.querySelectorAll('iframe[data-secret=\"'+t.secret+'\"]'),o=l.querySelectorAll('blockquote[data-secret=\"'+t.secret+'\"]'),c=new RegExp(\"^https?:$\",\"i\"),i=0;i<o.length;i++)o[i].style.display=\"none\";for(i=0;i<a.length;i++)s=a[i],e.source===s.contentWindow&&(s.removeAttribute(\"style\"),\"height\"===t.message?(1e3<(r=parseInt(t.value,10))?r=1e3:~~r<200&&(r=200),s.height=r):\"link\"===t.message&&(r=new URL(s.getAttribute(\"src\")),n=new URL(t.value),c.test(n.protocol))&&n.host===r.host&&l.activeElement===s&&(d.top.location.href=t.value))}},d.addEventListener(\"message\",d.wp.receiveEmbedMessage,!1),l.addEventListener(\"DOMContentLoaded\",function(){for(var e,t,s=l.querySelectorAll(\"iframe.wp-embedded-content\"),r=0;r<s.length;r++)(t=(e=s[r]).getAttribute(\"data-secret\"))||(t=Math.random().toString(36).substring(2,12),e.src+=\"#?secret=\"+t,e.setAttribute(\"data-secret\",t)),e.contentWindow.postMessage({message:\"ready\",secret:t},\"*\")},!1)))}(window,document);\n\/\/# sourceURL=https:\/\/blogs.diariovasco.com\/sesioncontinua\/wp-includes\/js\/wp-embed.min.js\n<\/script>\n","description":"Jueves 29 de junio. Hoy cierran los cines Warner tras ocho a\u00f1os&nbsp;en funcionamiento. Aunque la versi\u00f3n oficial diga que la raz\u00f3n es la situaci\u00f3n de ilegalidad del Centro de Ocio de Illunbe, mucho me temo que tambi\u00e9n habr\u00e1 influido el descenso en el n\u00famero de espectadores que sufren los cines de Gipuzkoa en los \u00faltimos [&hellip;]"}