{"version":"1.0","provider_name":"Sesi\u00f3n Continua","provider_url":"https:\/\/blogs.diariovasco.com\/sesioncontinua","author_name":"Carlos Elorza","author_url":"https:\/\/blogs.diariovasco.com\/sesioncontinua\/author\/carloselorzaya-com\/","title":"De momento, s\u00f3lo las retrospectivas - Sesi\u00f3n Continua","type":"rich","width":600,"height":338,"html":"<blockquote class=\"wp-embedded-content\" data-secret=\"pOpV3yy37U\"><a href=\"https:\/\/blogs.diariovasco.com\/sesioncontinua\/2006\/07\/17\/de_momento_solo_las_retrospectivas\/\">De momento, s\u00f3lo las retrospectivas<\/a><\/blockquote><iframe sandbox=\"allow-scripts\" security=\"restricted\" src=\"https:\/\/blogs.diariovasco.com\/sesioncontinua\/2006\/07\/17\/de_momento_solo_las_retrospectivas\/embed\/#?secret=pOpV3yy37U\" width=\"600\" height=\"338\" title=\"&#8220;De momento, s\u00f3lo las retrospectivas&#8221; &#8212; Sesi\u00f3n Continua\" data-secret=\"pOpV3yy37U\" frameborder=\"0\" marginwidth=\"0\" marginheight=\"0\" scrolling=\"no\" class=\"wp-embedded-content\"><\/iframe><script>\n\/*! This file is auto-generated *\/\n!function(d,l){\"use strict\";l.querySelector&&d.addEventListener&&\"undefined\"!=typeof URL&&(d.wp=d.wp||{},d.wp.receiveEmbedMessage||(d.wp.receiveEmbedMessage=function(e){var t=e.data;if((t||t.secret||t.message||t.value)&&!\/[^a-zA-Z0-9]\/.test(t.secret)){for(var s,r,n,a=l.querySelectorAll('iframe[data-secret=\"'+t.secret+'\"]'),o=l.querySelectorAll('blockquote[data-secret=\"'+t.secret+'\"]'),c=new RegExp(\"^https?:$\",\"i\"),i=0;i<o.length;i++)o[i].style.display=\"none\";for(i=0;i<a.length;i++)s=a[i],e.source===s.contentWindow&&(s.removeAttribute(\"style\"),\"height\"===t.message?(1e3<(r=parseInt(t.value,10))?r=1e3:~~r<200&&(r=200),s.height=r):\"link\"===t.message&&(r=new URL(s.getAttribute(\"src\")),n=new URL(t.value),c.test(n.protocol))&&n.host===r.host&&l.activeElement===s&&(d.top.location.href=t.value))}},d.addEventListener(\"message\",d.wp.receiveEmbedMessage,!1),l.addEventListener(\"DOMContentLoaded\",function(){for(var e,t,s=l.querySelectorAll(\"iframe.wp-embedded-content\"),r=0;r<s.length;r++)(t=(e=s[r]).getAttribute(\"data-secret\"))||(t=Math.random().toString(36).substring(2,12),e.src+=\"#?secret=\"+t,e.setAttribute(\"data-secret\",t)),e.contentWindow.postMessage({message:\"ready\",secret:t},\"*\")},!1)))}(window,document);\n\/\/# sourceURL=https:\/\/blogs.diariovasco.com\/sesioncontinua\/wp-includes\/js\/wp-embed.min.js\n<\/script>\n","description":"Hace unos d\u00edas paseando por Donosti me encontr\u00e9 con una amiga&nbsp; aficionada al cine que me pregunt\u00f3 qu\u00e9 se sab\u00eda del Festival de Cine. Hablamos de las retrospectivas anunciadas, de la oportunidad de ver algunas de las obras maestras de Lubitsch, de qu\u00e9 pel\u00edculas entend\u00edamos que se deber\u00edan incluir en la secci\u00f3n &#8220;Emigrantes&#8221;, de la [&hellip;]"}