{"version":"1.0","provider_name":"Sesi\u00f3n Continua","provider_url":"https:\/\/blogs.diariovasco.com\/sesioncontinua","author_name":"Carlos Elorza","author_url":"https:\/\/blogs.diariovasco.com\/sesioncontinua\/author\/carloselorzaya-com\/","title":"Fotos de cine. El esp\u00edritu de La Concha - Sesi\u00f3n Continua","type":"rich","width":600,"height":338,"html":"<blockquote class=\"wp-embedded-content\" data-secret=\"nEE5lrb7g8\"><a href=\"https:\/\/blogs.diariovasco.com\/sesioncontinua\/2006\/09\/13\/fotos_de_cine_el_espiritu_de_la_concha\/\">Fotos de cine. El esp\u00edritu de La Concha<\/a><\/blockquote><iframe sandbox=\"allow-scripts\" security=\"restricted\" src=\"https:\/\/blogs.diariovasco.com\/sesioncontinua\/2006\/09\/13\/fotos_de_cine_el_espiritu_de_la_concha\/embed\/#?secret=nEE5lrb7g8\" width=\"600\" height=\"338\" title=\"&#8220;Fotos de cine. El esp\u00edritu de La Concha&#8221; &#8212; Sesi\u00f3n Continua\" data-secret=\"nEE5lrb7g8\" frameborder=\"0\" marginwidth=\"0\" marginheight=\"0\" scrolling=\"no\" class=\"wp-embedded-content\"><\/iframe><script>\n\/*! This file is auto-generated *\/\n!function(d,l){\"use strict\";l.querySelector&&d.addEventListener&&\"undefined\"!=typeof URL&&(d.wp=d.wp||{},d.wp.receiveEmbedMessage||(d.wp.receiveEmbedMessage=function(e){var t=e.data;if((t||t.secret||t.message||t.value)&&!\/[^a-zA-Z0-9]\/.test(t.secret)){for(var s,r,n,a=l.querySelectorAll('iframe[data-secret=\"'+t.secret+'\"]'),o=l.querySelectorAll('blockquote[data-secret=\"'+t.secret+'\"]'),c=new RegExp(\"^https?:$\",\"i\"),i=0;i<o.length;i++)o[i].style.display=\"none\";for(i=0;i<a.length;i++)s=a[i],e.source===s.contentWindow&&(s.removeAttribute(\"style\"),\"height\"===t.message?(1e3<(r=parseInt(t.value,10))?r=1e3:~~r<200&&(r=200),s.height=r):\"link\"===t.message&&(r=new URL(s.getAttribute(\"src\")),n=new URL(t.value),c.test(n.protocol))&&n.host===r.host&&l.activeElement===s&&(d.top.location.href=t.value))}},d.addEventListener(\"message\",d.wp.receiveEmbedMessage,!1),l.addEventListener(\"DOMContentLoaded\",function(){for(var e,t,s=l.querySelectorAll(\"iframe.wp-embedded-content\"),r=0;r<s.length;r++)(t=(e=s[r]).getAttribute(\"data-secret\"))||(t=Math.random().toString(36).substring(2,12),e.src+=\"#?secret=\"+t,e.setAttribute(\"data-secret\",t)),e.contentWindow.postMessage({message:\"ready\",secret:t},\"*\")},!1)))}(window,document);\n\/\/# sourceURL=https:\/\/blogs.diariovasco.com\/sesioncontinua\/wp-includes\/js\/wp-embed.min.js\n<\/script>\n","description":"Hace unos d\u00edas se inaugur\u00f3 en la Fnac la exposici\u00f3n &#8220;El esp\u00edritu de La Concha&#8221;, en la que se puede ver una selecci\u00f3n de las mejores im\u00e1genes del Zinemaldi desde 1954 hasta 1998. Son 40 fotograf\u00edas que recogen algunas de las visitas m\u00e1s destacadas del Festival de Cine a lo largo de esos a\u00f1os. Limit\u00e1ndome [&hellip;]"}