{"version":"1.0","provider_name":"Sesi\u00f3n Continua","provider_url":"https:\/\/blogs.diariovasco.com\/sesioncontinua","author_name":"Carlos Elorza","author_url":"https:\/\/blogs.diariovasco.com\/sesioncontinua\/author\/carloselorzaya-com\/","title":"Festi&#039;06, 5\u00aa. Telegramas desde Zabaltegi - Sesi\u00f3n Continua","type":"rich","width":600,"height":338,"html":"<blockquote class=\"wp-embedded-content\" data-secret=\"xgR3fjsP4j\"><a href=\"https:\/\/blogs.diariovasco.com\/sesioncontinua\/2006\/09\/24\/festi_06_5o_telegramas_desde_zabaltegi\/\">Festi&#039;06, 5\u00aa. Telegramas desde Zabaltegi<\/a><\/blockquote><iframe sandbox=\"allow-scripts\" security=\"restricted\" src=\"https:\/\/blogs.diariovasco.com\/sesioncontinua\/2006\/09\/24\/festi_06_5o_telegramas_desde_zabaltegi\/embed\/#?secret=xgR3fjsP4j\" width=\"600\" height=\"338\" title=\"&#8220;Festi&#039;06, 5\u00aa. Telegramas desde Zabaltegi&#8221; &#8212; Sesi\u00f3n Continua\" data-secret=\"xgR3fjsP4j\" frameborder=\"0\" marginwidth=\"0\" marginheight=\"0\" scrolling=\"no\" class=\"wp-embedded-content\"><\/iframe><script>\n\/*! This file is auto-generated *\/\n!function(d,l){\"use strict\";l.querySelector&&d.addEventListener&&\"undefined\"!=typeof URL&&(d.wp=d.wp||{},d.wp.receiveEmbedMessage||(d.wp.receiveEmbedMessage=function(e){var t=e.data;if((t||t.secret||t.message||t.value)&&!\/[^a-zA-Z0-9]\/.test(t.secret)){for(var s,r,n,a=l.querySelectorAll('iframe[data-secret=\"'+t.secret+'\"]'),o=l.querySelectorAll('blockquote[data-secret=\"'+t.secret+'\"]'),c=new RegExp(\"^https?:$\",\"i\"),i=0;i<o.length;i++)o[i].style.display=\"none\";for(i=0;i<a.length;i++)s=a[i],e.source===s.contentWindow&&(s.removeAttribute(\"style\"),\"height\"===t.message?(1e3<(r=parseInt(t.value,10))?r=1e3:~~r<200&&(r=200),s.height=r):\"link\"===t.message&&(r=new URL(s.getAttribute(\"src\")),n=new URL(t.value),c.test(n.protocol))&&n.host===r.host&&l.activeElement===s&&(d.top.location.href=t.value))}},d.addEventListener(\"message\",d.wp.receiveEmbedMessage,!1),l.addEventListener(\"DOMContentLoaded\",function(){for(var e,t,s=l.querySelectorAll(\"iframe.wp-embedded-content\"),r=0;r<s.length;r++)(t=(e=s[r]).getAttribute(\"data-secret\"))||(t=Math.random().toString(36).substring(2,12),e.src+=\"#?secret=\"+t,e.setAttribute(\"data-secret\",t)),e.contentWindow.postMessage({message:\"ready\",secret:t},\"*\")},!1)))}(window,document);\n\/\/# sourceURL=https:\/\/blogs.diariovasco.com\/sesioncontinua\/wp-includes\/js\/wp-embed.min.js\n<\/script>\n","description":"El ritmo fren\u00e9tico de las proyecciones en este Zinemaldi no me hab\u00eda permitido hasta ahora poder contar nada sobre las pelis que he visto en Zabaltegi los \u00faltimos dos d\u00edas. Se me van acumulando, as\u00ed que para no enrollarme demasiado os comentar\u00e9 lo que m\u00e1s me ha llamado la atenci\u00f3n en plan telegrama: &#8211; Cr\u00f3nica [&hellip;]"}