{"version":"1.0","provider_name":"Sesi\u00f3n Continua","provider_url":"https:\/\/blogs.diariovasco.com\/sesioncontinua","author_name":"Carlos Elorza","author_url":"https:\/\/blogs.diariovasco.com\/sesioncontinua\/author\/carloselorzaya-com\/","title":"La \"\u00faltima\" de Robert Altman - Sesi\u00f3n Continua","type":"rich","width":600,"height":338,"html":"<blockquote class=\"wp-embedded-content\" data-secret=\"8U9z3lmIsx\"><a href=\"https:\/\/blogs.diariovasco.com\/sesioncontinua\/2007\/03\/25\/la_ultima_de_robert_altman\/\">La &#8220;\u00faltima&#8221; de Robert Altman<\/a><\/blockquote><iframe sandbox=\"allow-scripts\" security=\"restricted\" src=\"https:\/\/blogs.diariovasco.com\/sesioncontinua\/2007\/03\/25\/la_ultima_de_robert_altman\/embed\/#?secret=8U9z3lmIsx\" width=\"600\" height=\"338\" title=\"&#8220;La &#8220;\u00faltima&#8221; de Robert Altman&#8221; &#8212; Sesi\u00f3n Continua\" data-secret=\"8U9z3lmIsx\" frameborder=\"0\" marginwidth=\"0\" marginheight=\"0\" scrolling=\"no\" class=\"wp-embedded-content\"><\/iframe><script>\n\/*! This file is auto-generated *\/\n!function(d,l){\"use strict\";l.querySelector&&d.addEventListener&&\"undefined\"!=typeof URL&&(d.wp=d.wp||{},d.wp.receiveEmbedMessage||(d.wp.receiveEmbedMessage=function(e){var t=e.data;if((t||t.secret||t.message||t.value)&&!\/[^a-zA-Z0-9]\/.test(t.secret)){for(var s,r,n,a=l.querySelectorAll('iframe[data-secret=\"'+t.secret+'\"]'),o=l.querySelectorAll('blockquote[data-secret=\"'+t.secret+'\"]'),c=new RegExp(\"^https?:$\",\"i\"),i=0;i<o.length;i++)o[i].style.display=\"none\";for(i=0;i<a.length;i++)s=a[i],e.source===s.contentWindow&&(s.removeAttribute(\"style\"),\"height\"===t.message?(1e3<(r=parseInt(t.value,10))?r=1e3:~~r<200&&(r=200),s.height=r):\"link\"===t.message&&(r=new URL(s.getAttribute(\"src\")),n=new URL(t.value),c.test(n.protocol))&&n.host===r.host&&l.activeElement===s&&(d.top.location.href=t.value))}},d.addEventListener(\"message\",d.wp.receiveEmbedMessage,!1),l.addEventListener(\"DOMContentLoaded\",function(){for(var e,t,s=l.querySelectorAll(\"iframe.wp-embedded-content\"),r=0;r<s.length;r++)(t=(e=s[r]).getAttribute(\"data-secret\"))||(t=Math.random().toString(36).substring(2,12),e.src+=\"#?secret=\"+t,e.setAttribute(\"data-secret\",t)),e.contentWindow.postMessage({message:\"ready\",secret:t},\"*\")},!1)))}(window,document);\n\/\/# sourceURL=https:\/\/blogs.diariovasco.com\/sesioncontinua\/wp-includes\/js\/wp-embed.min.js\n<\/script>\n","description":"&nbsp; Me permito abandonar mi involuntario &#8220;casi retiro&#8221; de este&nbsp;blog que espero que est\u00e9 pr\u00f3ximo a finalizar, para comentar el \u00faltimo show de Robert Altman: &#8220;El \u00faltimo show&#8221;. Por esos caprichos de la distribuci\u00f3n cinematogr\u00e1fica en Espa\u00f1a que no acabo de entender, a los se\u00f1ores de Manga Films no se les&nbsp;ocurri\u00f3&nbsp;estrenarla en febrero de 2006 [&hellip;]"}